{"id":1286,"date":"2013-04-19T16:09:47","date_gmt":"2013-04-19T14:09:47","guid":{"rendered":"https:\/\/ectp-ceu.eu\/?post_type=activity&#038;p=1286"},"modified":"2024-07-29T17:23:48","modified_gmt":"2024-07-29T15:23:48","slug":"2013-the-charter-of-european-planning","status":"publish","type":"activity","link":"https:\/\/ectp-ceu.eu\/de\/activity\/2013-the-charter-of-european-planning\/","title":{"rendered":"2013 - Die Charta der Europ\u00e4ischen Planung"},"content":{"rendered":"<div class=\"entry-content clr\">\n<p><span style=\"color: #000000;\">Die ECTP-CEU-Generalversammlung 2013 in Barcelona verabschiedete im April 2013 die \"Charta der Europ\u00e4ischen Planung\". Darin werden das Addendum von Istanbul und die Neue Charta von Athen aus dem Jahr 2003 in einem einzigen Dokument zusammengefasst.<\/span><\/p>\n<p><span style=\"color: #000000;\">Die zentrale Vision des NCA-Dokuments von 2003 wird beibehalten, aber klarer, weniger zeitbezogen und st\u00e4rker formuliert. Sie f\u00f6rdert auch eine proaktivere Rolle der Planer bei der Gestaltung der \u00f6ffentlichen Debatte (z. B. bei der Auseinandersetzung mit der wirtschaftlichen Rolle der Planung).<\/span><\/p>\n<p><span style=\"color: #000000;\">Sie aktualisiert die Charta von 2003, so dass sie auch weiterhin f\u00fcr die aktuellen und k\u00fcnftigen Probleme Europas relevant ist, denen ein gr\u00f6\u00dferes Gewicht beigemessen werden muss, als dies in der Charta von 2003 der Fall war (z. B. Klimawandel, Raumordnung und \u00d6kosysteme).<\/span><\/p>\n<p><span style=\"color: #000000;\">Sie wurde umbenannt in\u00a0<strong><em>Die Charta der europ\u00e4ischen Planung<\/em><\/strong>\u00a0weil dies ihren Zweck besser widerspiegelt.<\/span><\/p>\n<p><span style=\"color: #000000;\">Dies erm\u00f6glicht es der ECTP-CEU nun, in den n\u00e4chsten zwei Jahren einen Aktionsplan zur Umsetzung der Charta zu entwickeln. Dieser wird sich an Interessengruppen wie unsere Mitglieder, die Europ\u00e4ische Union und unsere nationalen Regierungen richten, z. B. im Hinblick auf die Auswirkungen auf metropolitische Planungsgebiete oder auf die Planung von Schulen.<\/span><\/p>\n<p><span style=\"color: #000000;\">Dar\u00fcber hinaus wurde vereinbart, den Verhaltenskodex zu aktualisieren und in der Charta der Europ\u00e4ischen Planer darauf zu verweisen.<a style=\"color: #000000;\" href=\"https:\/\/ectp-ceu.eu\/external.html?link=http:\/\/www.ceu-ectp.eu\/index.php?option=com_content&amp;view=article&amp;id=89&amp;Itemid=14#c\" target=\"_blank\" rel=\"noreferrer noopener\">\u00a0<span style=\"text-decoration: underline;\">Der bestehende Kodex<\/span><\/a>\u00a0(vor 25 Jahren verfasst) muss nun \u00fcberarbeitet werden; die<a style=\"color: #000000;\" href=\"https:\/\/ectp-ceu.eu\/de\/images\/stories\/PDF-docs\/DRAFT%20REVISED%20PRINCIPLES%20OF%20PROFESSIONAL%20CONDUCT%202013.pdf\/\" target=\"_blank\" rel=\"noreferrer noopener\">\u00a0<span style=\"text-decoration: underline;\">\u00fcberarbeiteter Entwurf des Verhaltenskodex<\/span><\/a>\u00a0spiegelt die erforderliche Aktualisierung wider.<\/span><\/p>\n<p><span style=\"color: #000000;\"><strong>Links zu allen Papieren<\/strong><\/span><\/p>\n<ul class=\"wp-block-list\">\n<li><span style=\"text-decoration: underline;\"><span style=\"color: #000000; text-decoration: underline;\"><a style=\"color: #000000; text-decoration: underline;\" href=\"https:\/\/ectp-ceu.eu\/de\/images\/stories\/PDF-docs\/The%20Charter%20of%20European%20Planning-HighResV2.pdf\/\" target=\"_blank\" rel=\"noreferrer noopener\">Die Charta der europ\u00e4ischen Raumordnung V2 (2013)<\/a>\u00a0(Hohe Aufl\u00f6sung: 29MB) (Englisch \/ Franz\u00f6sisch)<\/span><\/span><\/li>\n<li><span style=\"text-decoration: underline;\"><span style=\"color: #000000; text-decoration: underline;\"><a style=\"color: #000000; text-decoration: underline;\" href=\"https:\/\/ectp-ceu.eu\/de\/images\/stories\/PDF-docs\/The%20Charter%20of%20European%20Planning-LowResV2.pdf\/\" target=\"_blank\" rel=\"noreferrer noopener\">Die Charta der europ\u00e4ischen Raumordnung V2 (2013)<\/a>\u00a0(Niedrige Aufl\u00f6sung: 4MB) (Englisch \/ Franz\u00f6sisch)<\/span><\/span><\/li>\n<\/ul>\n<ul class=\"wp-block-list\">\n<li><span style=\"text-decoration: underline;\"><span style=\"color: #000000; text-decoration: underline;\"><img decoding=\"async\" class=\"lazy loaded\" src=\"https:\/\/ectp-ceu.eu\/images\/stories\/pdf_button.png\" alt=\"pdf button\" width=\"16\" height=\"16\" data-src=\"https:\/\/ectp-ceu.eu\/images\/stories\/pdf_button.png\" data-was-processed=\"true\" \/><a style=\"color: #000000; text-decoration: underline;\" href=\"https:\/\/ectp-ceu.eu\/de\/images\/stories\/PDF-docs\/ECTP-CEU%20Charter%20of%20European%20Planning-%20Illustrated%20Executive%20Summary.pdf\/\" target=\"_blank\" rel=\"noreferrer noopener\">Die Charta der Europ\u00e4ischen Raumordnung - Illustrierte Zusammenfassung (2013)<\/a>\u00a0(Englisch)<\/span><\/span><\/li>\n<li><span style=\"text-decoration: underline;\"><span style=\"color: #000000; text-decoration: underline;\"><a style=\"color: #000000; text-decoration: underline;\" href=\"https:\/\/ectp-ceu.eu\/de\/images\/stories\/PDF-docs\/ECTP-CEU%20Charte%20de%20l%27Urbanisme%20Europeen%20-%20resume%20illustre.pdf\/\" target=\"_blank\" rel=\"noreferrer noopener\">La Charte de l'Urbanisme Europ\u00e9en (2013) R\u00e9sum\u00e9 Illustr\u00e9<\/a>\u00a0(Franz\u00f6sisch)<\/span><\/span><\/li>\n<\/ul>\n<ul class=\"wp-block-list\">\n<li><span style=\"text-decoration: underline;\"><span style=\"color: #000000; text-decoration: underline;\"><a style=\"color: #000000; text-decoration: underline;\" href=\"https:\/\/ectp-ceu.eu\/de\/images\/stories\/PDF-docs\/Istanbul%20Addendum.pdf\/\" target=\"_blank\" rel=\"noreferrer noopener\">Der Nachtrag zu Istanbul (2012)<\/a><\/span><\/span><\/li>\n<li><span style=\"text-decoration: underline;\"><span style=\"color: #000000; text-decoration: underline;\"><a style=\"color: #000000; text-decoration: underline;\" href=\"https:\/\/ectp-ceu.eu\/index.php\/en\/publications-8\/the-charter-of-european-planning-213\/31-publications\/85-new-charter-of-athens-2003.html\">Neue Charta von Athen 2003<\/a><\/span><\/span><\/li>\n<li><span style=\"text-decoration: underline;\"><span style=\"color: #000000; text-decoration: underline;\"><a style=\"color: #000000; text-decoration: underline;\" href=\"https:\/\/ectp-ceu.eu\/de\/images\/stories\/PDF-docs\/DRAFT%20REVISED%20PRINCIPLES%20OF%20PROFESSIONAL%20CONDUCT%202013.pdf\/\" target=\"_blank\" rel=\"noreferrer noopener\">Der \u00fcberarbeitete Entwurf des Verhaltenskodex<\/a><\/span><\/span><\/li>\n<\/ul>\n<\/div>\n<div class=\"post-tags clr\"><\/div>","protected":false},"featured_media":1287,"template":"","meta":{"_acf_changed":false,"inline_featured_image":false},"categories":[],"tags":[],"tags-activities":[],"country-activity":[],"year-activity":[119],"activity-category":[],"class_list":["post-1286","activity","type-activity","status-publish","has-post-thumbnail","hentry","year-activity-119"],"acf":[],"yoast_head":"<!-- This site is optimized with the Yoast SEO plugin v27.5 - https:\/\/yoast.com\/product\/yoast-seo-wordpress\/ -->\n<title>2013 \u2013 The Charter of European Planning - ECTP-CEU<\/title>\n<meta name=\"robots\" content=\"index, follow, max-snippet:-1, max-image-preview:large, max-video-preview:-1\" \/>\n<link rel=\"canonical\" href=\"https:\/\/ectp-ceu.eu\/de\/activity\/2013-the-charter-of-european-planning\/\" \/>\n<meta property=\"og:locale\" content=\"de_DE\" \/>\n<meta property=\"og:type\" content=\"article\" \/>\n<meta property=\"og:title\" content=\"2013 \u2013 The Charter of European Planning - ECTP-CEU\" \/>\n<meta property=\"og:description\" content=\"The 2013 Barcelona General Assembly of ECTP-CEU approved in April 2013 \u201cThe Charter of European Planning\u201d. This combines the\u00a0Istanbul Addendum with the\u00a02003 New Charter of Athens\u00a0into a single document. It retains the core Vision in the 2003 NCA document but made clearer, less time-dated and stronger. It also promotes a more pro-active role for planners [&hellip;]\" \/>\n<meta property=\"og:url\" content=\"https:\/\/ectp-ceu.eu\/de\/activity\/2013-the-charter-of-european-planning\/\" \/>\n<meta property=\"og:site_name\" content=\"ECTP-CEU\" \/>\n<meta property=\"article:modified_time\" content=\"2024-07-29T15:23:48+00:00\" \/>\n<meta property=\"og:image\" content=\"https:\/\/ectp-ceu.eu\/wp-content\/uploads\/2024\/07\/Charte-ECTP-CEU-Couverture-3-2.jpg\" \/>\n\t<meta property=\"og:image:width\" content=\"500\" \/>\n\t<meta property=\"og:image:height\" content=\"376\" \/>\n\t<meta property=\"og:image:type\" content=\"image\/jpeg\" \/>\n<meta name=\"twitter:card\" content=\"summary_large_image\" \/>\n<meta name=\"twitter:label1\" content=\"Gesch\u00e4tzte Lesezeit\" \/>\n\t<meta name=\"twitter:data1\" content=\"1\u00a0Minute\" \/>\n<script type=\"application\/ld+json\" class=\"yoast-schema-graph\">{\"@context\":\"https:\\\/\\\/schema.org\",\"@graph\":[{\"@type\":\"WebPage\",\"@id\":\"https:\\\/\\\/ectp-ceu.eu\\\/activity\\\/2013-the-charter-of-european-planning\\\/\",\"url\":\"https:\\\/\\\/ectp-ceu.eu\\\/activity\\\/2013-the-charter-of-european-planning\\\/\",\"name\":\"2013 \u2013 The Charter of European Planning - ECTP-CEU\",\"isPartOf\":{\"@id\":\"https:\\\/\\\/ectp-ceu.eu\\\/#website\"},\"primaryImageOfPage\":{\"@id\":\"https:\\\/\\\/ectp-ceu.eu\\\/activity\\\/2013-the-charter-of-european-planning\\\/#primaryimage\"},\"image\":{\"@id\":\"https:\\\/\\\/ectp-ceu.eu\\\/activity\\\/2013-the-charter-of-european-planning\\\/#primaryimage\"},\"thumbnailUrl\":\"https:\\\/\\\/ectp-ceu.eu\\\/wp-content\\\/uploads\\\/2024\\\/07\\\/Charte-ECTP-CEU-Couverture-3-2.jpg\",\"datePublished\":\"2013-04-19T14:09:47+00:00\",\"dateModified\":\"2024-07-29T15:23:48+00:00\",\"breadcrumb\":{\"@id\":\"https:\\\/\\\/ectp-ceu.eu\\\/activity\\\/2013-the-charter-of-european-planning\\\/#breadcrumb\"},\"inLanguage\":\"de\",\"potentialAction\":[{\"@type\":\"ReadAction\",\"target\":[\"https:\\\/\\\/ectp-ceu.eu\\\/activity\\\/2013-the-charter-of-european-planning\\\/\"]}]},{\"@type\":\"ImageObject\",\"inLanguage\":\"de\",\"@id\":\"https:\\\/\\\/ectp-ceu.eu\\\/activity\\\/2013-the-charter-of-european-planning\\\/#primaryimage\",\"url\":\"https:\\\/\\\/ectp-ceu.eu\\\/wp-content\\\/uploads\\\/2024\\\/07\\\/Charte-ECTP-CEU-Couverture-3-2.jpg\",\"contentUrl\":\"https:\\\/\\\/ectp-ceu.eu\\\/wp-content\\\/uploads\\\/2024\\\/07\\\/Charte-ECTP-CEU-Couverture-3-2.jpg\",\"width\":500,\"height\":376},{\"@type\":\"BreadcrumbList\",\"@id\":\"https:\\\/\\\/ectp-ceu.eu\\\/activity\\\/2013-the-charter-of-european-planning\\\/#breadcrumb\",\"itemListElement\":[{\"@type\":\"ListItem\",\"position\":1,\"name\":\"HOME\",\"item\":\"https:\\\/\\\/ectp-ceu.eu\\\/\"},{\"@type\":\"ListItem\",\"position\":2,\"name\":\"2013 \u2013 The Charter of European Planning\"}]},{\"@type\":\"WebSite\",\"@id\":\"https:\\\/\\\/ectp-ceu.eu\\\/#website\",\"url\":\"https:\\\/\\\/ectp-ceu.eu\\\/\",\"name\":\"ECTP-CEU\",\"description\":\"European Council of Spatial Planners \u2013 Conseil Europ\u00e9en des Urbanistes\",\"publisher\":{\"@id\":\"https:\\\/\\\/ectp-ceu.eu\\\/#organization\"},\"potentialAction\":[{\"@type\":\"SearchAction\",\"target\":{\"@type\":\"EntryPoint\",\"urlTemplate\":\"https:\\\/\\\/ectp-ceu.eu\\\/?s={search_term_string}\"},\"query-input\":{\"@type\":\"PropertyValueSpecification\",\"valueRequired\":true,\"valueName\":\"search_term_string\"}}],\"inLanguage\":\"de\"},{\"@type\":\"Organization\",\"@id\":\"https:\\\/\\\/ectp-ceu.eu\\\/#organization\",\"name\":\"ECTP-CEU\",\"url\":\"https:\\\/\\\/ectp-ceu.eu\\\/\",\"logo\":{\"@type\":\"ImageObject\",\"inLanguage\":\"de\",\"@id\":\"https:\\\/\\\/ectp-ceu.eu\\\/#\\\/schema\\\/logo\\\/image\\\/\",\"url\":\"https:\\\/\\\/ectp-ceu.eu\\\/wp-content\\\/uploads\\\/2024\\\/07\\\/cropped-1392117979K7cUN6za2Hw29SX4.jpeg\",\"contentUrl\":\"https:\\\/\\\/ectp-ceu.eu\\\/wp-content\\\/uploads\\\/2024\\\/07\\\/cropped-1392117979K7cUN6za2Hw29SX4.jpeg\",\"width\":928,\"height\":328,\"caption\":\"ECTP-CEU\"},\"image\":{\"@id\":\"https:\\\/\\\/ectp-ceu.eu\\\/#\\\/schema\\\/logo\\\/image\\\/\"}}]}<\/script>\n<!-- \/ Yoast SEO plugin. -->","yoast_head_json":{"title":"2013 \u2013 The Charter of European Planning - ECTP-CEU","robots":{"index":"index","follow":"follow","max-snippet":"max-snippet:-1","max-image-preview":"max-image-preview:large","max-video-preview":"max-video-preview:-1"},"canonical":"https:\/\/ectp-ceu.eu\/de\/activity\/2013-the-charter-of-european-planning\/","og_locale":"de_DE","og_type":"article","og_title":"2013 \u2013 The Charter of European Planning - ECTP-CEU","og_description":"The 2013 Barcelona General Assembly of ECTP-CEU approved in April 2013 \u201cThe Charter of European Planning\u201d. This combines the\u00a0Istanbul Addendum with the\u00a02003 New Charter of Athens\u00a0into a single document. It retains the core Vision in the 2003 NCA document but made clearer, less time-dated and stronger. It also promotes a more pro-active role for planners [&hellip;]","og_url":"https:\/\/ectp-ceu.eu\/de\/activity\/2013-the-charter-of-european-planning\/","og_site_name":"ECTP-CEU","article_modified_time":"2024-07-29T15:23:48+00:00","og_image":[{"width":500,"height":376,"url":"https:\/\/ectp-ceu.eu\/wp-content\/uploads\/2024\/07\/Charte-ECTP-CEU-Couverture-3-2.jpg","type":"image\/jpeg"}],"twitter_card":"summary_large_image","twitter_misc":{"Gesch\u00e4tzte Lesezeit":"1\u00a0Minute"},"schema":{"@context":"https:\/\/schema.org","@graph":[{"@type":"WebPage","@id":"https:\/\/ectp-ceu.eu\/activity\/2013-the-charter-of-european-planning\/","url":"https:\/\/ectp-ceu.eu\/activity\/2013-the-charter-of-european-planning\/","name":"2013 \u2013 The Charter of European Planning - ECTP-CEU","isPartOf":{"@id":"https:\/\/ectp-ceu.eu\/#website"},"primaryImageOfPage":{"@id":"https:\/\/ectp-ceu.eu\/activity\/2013-the-charter-of-european-planning\/#primaryimage"},"image":{"@id":"https:\/\/ectp-ceu.eu\/activity\/2013-the-charter-of-european-planning\/#primaryimage"},"thumbnailUrl":"https:\/\/ectp-ceu.eu\/wp-content\/uploads\/2024\/07\/Charte-ECTP-CEU-Couverture-3-2.jpg","datePublished":"2013-04-19T14:09:47+00:00","dateModified":"2024-07-29T15:23:48+00:00","breadcrumb":{"@id":"https:\/\/ectp-ceu.eu\/activity\/2013-the-charter-of-european-planning\/#breadcrumb"},"inLanguage":"de","potentialAction":[{"@type":"ReadAction","target":["https:\/\/ectp-ceu.eu\/activity\/2013-the-charter-of-european-planning\/"]}]},{"@type":"ImageObject","inLanguage":"de","@id":"https:\/\/ectp-ceu.eu\/activity\/2013-the-charter-of-european-planning\/#primaryimage","url":"https:\/\/ectp-ceu.eu\/wp-content\/uploads\/2024\/07\/Charte-ECTP-CEU-Couverture-3-2.jpg","contentUrl":"https:\/\/ectp-ceu.eu\/wp-content\/uploads\/2024\/07\/Charte-ECTP-CEU-Couverture-3-2.jpg","width":500,"height":376},{"@type":"BreadcrumbList","@id":"https:\/\/ectp-ceu.eu\/activity\/2013-the-charter-of-european-planning\/#breadcrumb","itemListElement":[{"@type":"ListItem","position":1,"name":"HOME","item":"https:\/\/ectp-ceu.eu\/"},{"@type":"ListItem","position":2,"name":"2013 \u2013 The Charter of European Planning"}]},{"@type":"WebSite","@id":"https:\/\/ectp-ceu.eu\/#website","url":"https:\/\/ectp-ceu.eu\/","name":"ECTP-CEU","description":"European Council of Spatial Planners \u2013 Conseil Europ\u00e9en des Urbanistes","publisher":{"@id":"https:\/\/ectp-ceu.eu\/#organization"},"potentialAction":[{"@type":"SearchAction","target":{"@type":"EntryPoint","urlTemplate":"https:\/\/ectp-ceu.eu\/?s={search_term_string}"},"query-input":{"@type":"PropertyValueSpecification","valueRequired":true,"valueName":"search_term_string"}}],"inLanguage":"de"},{"@type":"Organization","@id":"https:\/\/ectp-ceu.eu\/#organization","name":"ECTP-CEU","url":"https:\/\/ectp-ceu.eu\/","logo":{"@type":"ImageObject","inLanguage":"de","@id":"https:\/\/ectp-ceu.eu\/#\/schema\/logo\/image\/","url":"https:\/\/ectp-ceu.eu\/wp-content\/uploads\/2024\/07\/cropped-1392117979K7cUN6za2Hw29SX4.jpeg","contentUrl":"https:\/\/ectp-ceu.eu\/wp-content\/uploads\/2024\/07\/cropped-1392117979K7cUN6za2Hw29SX4.jpeg","width":928,"height":328,"caption":"ECTP-CEU"},"image":{"@id":"https:\/\/ectp-ceu.eu\/#\/schema\/logo\/image\/"}}]}},"_links":{"self":[{"href":"https:\/\/ectp-ceu.eu\/de\/wp-json\/wp\/v2\/activity\/1286","targetHints":{"allow":["GET"]}}],"collection":[{"href":"https:\/\/ectp-ceu.eu\/de\/wp-json\/wp\/v2\/activity"}],"about":[{"href":"https:\/\/ectp-ceu.eu\/de\/wp-json\/wp\/v2\/types\/activity"}],"version-history":[{"count":1,"href":"https:\/\/ectp-ceu.eu\/de\/wp-json\/wp\/v2\/activity\/1286\/revisions"}],"predecessor-version":[{"id":3972,"href":"https:\/\/ectp-ceu.eu\/de\/wp-json\/wp\/v2\/activity\/1286\/revisions\/3972"}],"wp:featuredmedia":[{"embeddable":true,"href":"https:\/\/ectp-ceu.eu\/de\/wp-json\/wp\/v2\/media\/1287"}],"wp:attachment":[{"href":"https:\/\/ectp-ceu.eu\/de\/wp-json\/wp\/v2\/media?parent=1286"}],"wp:term":[{"taxonomy":"category","embeddable":true,"href":"https:\/\/ectp-ceu.eu\/de\/wp-json\/wp\/v2\/categories?post=1286"},{"taxonomy":"post_tag","embeddable":true,"href":"https:\/\/ectp-ceu.eu\/de\/wp-json\/wp\/v2\/tags?post=1286"},{"taxonomy":"tags-activities","embeddable":true,"href":"https:\/\/ectp-ceu.eu\/de\/wp-json\/wp\/v2\/tags-activities?post=1286"},{"taxonomy":"country-activity","embeddable":true,"href":"https:\/\/ectp-ceu.eu\/de\/wp-json\/wp\/v2\/country-activity?post=1286"},{"taxonomy":"year-activity","embeddable":true,"href":"https:\/\/ectp-ceu.eu\/de\/wp-json\/wp\/v2\/year-activity?post=1286"},{"taxonomy":"activity-category","embeddable":true,"href":"https:\/\/ectp-ceu.eu\/de\/wp-json\/wp\/v2\/activity-category?post=1286"}],"curies":[{"name":"wp","href":"https:\/\/api.w.org\/{rel}","templated":true}]}}