{"id":1851,"date":"2023-07-23T11:57:46","date_gmt":"2023-07-23T09:57:46","guid":{"rendered":"https:\/\/ectp-ceu.eu\/?post_type=activity&#038;p=1851"},"modified":"2024-07-23T12:02:19","modified_gmt":"2024-07-23T10:02:19","slug":"12th-young-planners-workshop-2023-call-for-abstracts","status":"publish","type":"activity","link":"https:\/\/ectp-ceu.eu\/de\/activity\/12th-young-planners-workshop-2023-call-for-abstracts\/","title":{"rendered":"12. Young Planners Workshop 2023 - Aufruf zur Einreichung von Abstracts"},"content":{"rendered":"<div class=\"entry-content clr\">\n<h2 class=\"wp-block-heading\">St\u00e4dte verwandeln: Entwicklungspolitik gestalten<\/h2>\n<p>Der Aufruf zur Einreichung von Abstracts ist ver\u00f6ffentlicht! Sie k\u00f6nnen sie \u00fcber den untenstehenden Link herunterladen:<\/p>\n<p><a href=\"https:\/\/ectp-ceu.eu\/wp-content\/uploads\/2023\/10\/ypws2023-ENG-call.pdf\" data-type=\"attachment\" data-id=\"2961\"><strong>ypws2023-ENG-Aufruf.pdf<\/strong><\/a><\/p>\n<p>Achtung! Es bleibt nur wenig Zeit, um Ihre Bewerbung einzureichen. Deadline ist<\/p>\n<p><strong>Montag, 16.<sup>th<\/sup>\u00a0Oktober 2023, 12:00 MESZ<\/strong><\/p>\n<p>You will be notified the day after, in the evening, if your contribution will be admitted to be presented at the conference \u201cTransforming Cities: Shaping Development Policies\u201d in Gda\u0144sk, Poland on\u00a0<strong>6<sup>th<\/sup>-7<sup>th<\/sup>\u00a0November 2023<\/strong>. Die ausgew\u00e4hlten Teilnehmer werden gebeten, einige Tage nach der Benachrichtigung \u00fcber die Annahme an einer oder zwei Online-Sitzungen teilzunehmen, um zu besprechen, wie sie ihre Arbeiten pr\u00e4sentieren k\u00f6nnen.<\/p>\n<p><strong>Wer kann sich bewerben?<\/strong>\u00a0Young planners, preferably young practitioners, aged less than 35 years or with less than 10 years\u2019 post-qualification experience in planning (\u201c35-10-years rule\u201d). Applications can come from individual young planners or from groups with up to 3 members, where every member must meet the 35-10-years rule.<\/p>\n<p><strong>Can\u2019t afford travelling to Gda\u0144sk?<\/strong>\u00a0Das ist kein Problem. Die ECTP-CEU, mit gro\u00dfz\u00fcgiger Unterst\u00fctzung der\u00a0<em>Stadtverwaltung Gda\u0144sk<\/em>\u00a0(Biuro Architekta Miasta, City Architect\u2019s Office) and of\u00a0<em>Planungspraxis und Forschung<\/em>, einer Zeitschrift von Taylor &amp; Francis, erh\u00e4lt jede Gruppe einen Beitrag von\u00a0<strong>500 Euro<\/strong>. Dar\u00fcber hinaus werden wir auf jeden Fall sicherstellen, dass die Reise- und Hotelkosten mindestens f\u00fcr ein Mitglied jeder Gruppe \u00fcbernommen werden.<\/p>\n<p><strong>Haben Sie eine Frage?<\/strong>\u00a0Z\u00f6gern Sie nicht, den ECTP-CEU-Projektausschuss f\u00fcr junge Planer zu kontaktieren unter\u00a0<strong>yp@ectp-ceu.eu<\/strong>.<\/p>\n<p>You might also want to take a look at the conference\u2019s general page on Gda\u0144ks BAM\u2019s website:\u00a0<a href=\"https:\/\/www.gdansk.pl\/urzad-miejski\/biuro-architekta-miasta\/transforming-cities-shaping-development-policies,a,251066\">https:\/\/www.gdansk.pl\/urzad-miejski\/biuro-architekta-miasta\/transforming-cities-shaping-development-policies,a,251066<\/a>\u00a0(bitte ignorieren Sie das Anmeldeformular und die Anmeldefrist, wenn Sie am Workshop f\u00fcr junge Planer teilnehmen m\u00f6chten).<\/p>\n<p>Wir freuen uns darauf, in K\u00fcrze (sehr bald!) Bewerbungen von vielen jungen Planern aus ganz Europa zu erhalten.<\/p>\n<p>&nbsp;<\/p>\n<\/div>\n<div class=\"post-tags clr\"><\/div>","protected":false},"featured_media":1852,"template":"","meta":{"_acf_changed":false,"inline_featured_image":false},"categories":[],"tags":[],"tags-activities":[],"country-activity":[],"year-activity":[],"activity-category":[],"class_list":["post-1851","activity","type-activity","status-publish","has-post-thumbnail","hentry"],"acf":[],"yoast_head":"<!-- This site is optimized with the Yoast SEO plugin v27.5 - https:\/\/yoast.com\/product\/yoast-seo-wordpress\/ -->\n<title>12th Young Planners Workshop 2023 \u2013 Call for Abstracts - ECTP-CEU<\/title>\n<meta name=\"robots\" content=\"index, follow, max-snippet:-1, max-image-preview:large, max-video-preview:-1\" \/>\n<link rel=\"canonical\" href=\"https:\/\/ectp-ceu.eu\/de\/activity\/12th-young-planners-workshop-2023-call-for-abstracts\/\" \/>\n<meta property=\"og:locale\" content=\"de_DE\" \/>\n<meta property=\"og:type\" content=\"article\" \/>\n<meta property=\"og:title\" content=\"12th Young Planners Workshop 2023 \u2013 Call for Abstracts - ECTP-CEU\" \/>\n<meta property=\"og:description\" content=\"Transforming Cities: Shaping Development Policies The call for abstracts is out! You can download it from the link here below: ypws2023-ENG-call.pdf Attention! There is little time to submit your application. Deadline is Monday, 16th\u00a0October 2023, 12:00 CEST You will be notified the day after, in the evening, if your contribution will be admitted to be [&hellip;]\" \/>\n<meta property=\"og:url\" content=\"https:\/\/ectp-ceu.eu\/de\/activity\/12th-young-planners-workshop-2023-call-for-abstracts\/\" \/>\n<meta property=\"og:site_name\" content=\"ECTP-CEU\" \/>\n<meta property=\"article:modified_time\" content=\"2024-07-23T10:02:19+00:00\" \/>\n<meta property=\"og:image\" content=\"https:\/\/ectp-ceu.eu\/wp-content\/uploads\/2024\/07\/card2023-ENG-1006-1024x576.png\" \/>\n\t<meta property=\"og:image:width\" content=\"1024\" \/>\n\t<meta property=\"og:image:height\" content=\"576\" \/>\n\t<meta property=\"og:image:type\" content=\"image\/png\" \/>\n<meta name=\"twitter:card\" content=\"summary_large_image\" \/>\n<meta name=\"twitter:label1\" content=\"Gesch\u00e4tzte Lesezeit\" \/>\n\t<meta name=\"twitter:data1\" content=\"1\u00a0Minute\" \/>\n<script type=\"application\/ld+json\" class=\"yoast-schema-graph\">{\"@context\":\"https:\\\/\\\/schema.org\",\"@graph\":[{\"@type\":\"WebPage\",\"@id\":\"https:\\\/\\\/ectp-ceu.eu\\\/activity\\\/12th-young-planners-workshop-2023-call-for-abstracts\\\/\",\"url\":\"https:\\\/\\\/ectp-ceu.eu\\\/activity\\\/12th-young-planners-workshop-2023-call-for-abstracts\\\/\",\"name\":\"12th Young Planners Workshop 2023 \u2013 Call for Abstracts - ECTP-CEU\",\"isPartOf\":{\"@id\":\"https:\\\/\\\/ectp-ceu.eu\\\/#website\"},\"primaryImageOfPage\":{\"@id\":\"https:\\\/\\\/ectp-ceu.eu\\\/activity\\\/12th-young-planners-workshop-2023-call-for-abstracts\\\/#primaryimage\"},\"image\":{\"@id\":\"https:\\\/\\\/ectp-ceu.eu\\\/activity\\\/12th-young-planners-workshop-2023-call-for-abstracts\\\/#primaryimage\"},\"thumbnailUrl\":\"https:\\\/\\\/ectp-ceu.eu\\\/wp-content\\\/uploads\\\/2024\\\/07\\\/card2023-ENG-1006.png\",\"datePublished\":\"2023-07-23T09:57:46+00:00\",\"dateModified\":\"2024-07-23T10:02:19+00:00\",\"breadcrumb\":{\"@id\":\"https:\\\/\\\/ectp-ceu.eu\\\/activity\\\/12th-young-planners-workshop-2023-call-for-abstracts\\\/#breadcrumb\"},\"inLanguage\":\"de\",\"potentialAction\":[{\"@type\":\"ReadAction\",\"target\":[\"https:\\\/\\\/ectp-ceu.eu\\\/activity\\\/12th-young-planners-workshop-2023-call-for-abstracts\\\/\"]}]},{\"@type\":\"ImageObject\",\"inLanguage\":\"de\",\"@id\":\"https:\\\/\\\/ectp-ceu.eu\\\/activity\\\/12th-young-planners-workshop-2023-call-for-abstracts\\\/#primaryimage\",\"url\":\"https:\\\/\\\/ectp-ceu.eu\\\/wp-content\\\/uploads\\\/2024\\\/07\\\/card2023-ENG-1006.png\",\"contentUrl\":\"https:\\\/\\\/ectp-ceu.eu\\\/wp-content\\\/uploads\\\/2024\\\/07\\\/card2023-ENG-1006.png\",\"width\":1920,\"height\":1080},{\"@type\":\"BreadcrumbList\",\"@id\":\"https:\\\/\\\/ectp-ceu.eu\\\/activity\\\/12th-young-planners-workshop-2023-call-for-abstracts\\\/#breadcrumb\",\"itemListElement\":[{\"@type\":\"ListItem\",\"position\":1,\"name\":\"HOME\",\"item\":\"https:\\\/\\\/ectp-ceu.eu\\\/\"},{\"@type\":\"ListItem\",\"position\":2,\"name\":\"12th Young Planners Workshop 2023 \u2013 Call for Abstracts\"}]},{\"@type\":\"WebSite\",\"@id\":\"https:\\\/\\\/ectp-ceu.eu\\\/#website\",\"url\":\"https:\\\/\\\/ectp-ceu.eu\\\/\",\"name\":\"ECTP-CEU\",\"description\":\"European Council of Spatial Planners \u2013 Conseil Europ\u00e9en des Urbanistes\",\"publisher\":{\"@id\":\"https:\\\/\\\/ectp-ceu.eu\\\/#organization\"},\"potentialAction\":[{\"@type\":\"SearchAction\",\"target\":{\"@type\":\"EntryPoint\",\"urlTemplate\":\"https:\\\/\\\/ectp-ceu.eu\\\/?s={search_term_string}\"},\"query-input\":{\"@type\":\"PropertyValueSpecification\",\"valueRequired\":true,\"valueName\":\"search_term_string\"}}],\"inLanguage\":\"de\"},{\"@type\":\"Organization\",\"@id\":\"https:\\\/\\\/ectp-ceu.eu\\\/#organization\",\"name\":\"ECTP-CEU\",\"url\":\"https:\\\/\\\/ectp-ceu.eu\\\/\",\"logo\":{\"@type\":\"ImageObject\",\"inLanguage\":\"de\",\"@id\":\"https:\\\/\\\/ectp-ceu.eu\\\/#\\\/schema\\\/logo\\\/image\\\/\",\"url\":\"https:\\\/\\\/ectp-ceu.eu\\\/wp-content\\\/uploads\\\/2024\\\/07\\\/cropped-1392117979K7cUN6za2Hw29SX4.jpeg\",\"contentUrl\":\"https:\\\/\\\/ectp-ceu.eu\\\/wp-content\\\/uploads\\\/2024\\\/07\\\/cropped-1392117979K7cUN6za2Hw29SX4.jpeg\",\"width\":928,\"height\":328,\"caption\":\"ECTP-CEU\"},\"image\":{\"@id\":\"https:\\\/\\\/ectp-ceu.eu\\\/#\\\/schema\\\/logo\\\/image\\\/\"}}]}<\/script>\n<!-- \/ Yoast SEO plugin. -->","yoast_head_json":{"title":"12th Young Planners Workshop 2023 \u2013 Call for Abstracts - ECTP-CEU","robots":{"index":"index","follow":"follow","max-snippet":"max-snippet:-1","max-image-preview":"max-image-preview:large","max-video-preview":"max-video-preview:-1"},"canonical":"https:\/\/ectp-ceu.eu\/de\/activity\/12th-young-planners-workshop-2023-call-for-abstracts\/","og_locale":"de_DE","og_type":"article","og_title":"12th Young Planners Workshop 2023 \u2013 Call for Abstracts - ECTP-CEU","og_description":"Transforming Cities: Shaping Development Policies The call for abstracts is out! You can download it from the link here below: ypws2023-ENG-call.pdf Attention! There is little time to submit your application. Deadline is Monday, 16th\u00a0October 2023, 12:00 CEST You will be notified the day after, in the evening, if your contribution will be admitted to be [&hellip;]","og_url":"https:\/\/ectp-ceu.eu\/de\/activity\/12th-young-planners-workshop-2023-call-for-abstracts\/","og_site_name":"ECTP-CEU","article_modified_time":"2024-07-23T10:02:19+00:00","og_image":[{"width":1024,"height":576,"url":"https:\/\/ectp-ceu.eu\/wp-content\/uploads\/2024\/07\/card2023-ENG-1006-1024x576.png","type":"image\/png"}],"twitter_card":"summary_large_image","twitter_misc":{"Gesch\u00e4tzte Lesezeit":"1\u00a0Minute"},"schema":{"@context":"https:\/\/schema.org","@graph":[{"@type":"WebPage","@id":"https:\/\/ectp-ceu.eu\/activity\/12th-young-planners-workshop-2023-call-for-abstracts\/","url":"https:\/\/ectp-ceu.eu\/activity\/12th-young-planners-workshop-2023-call-for-abstracts\/","name":"12th Young Planners Workshop 2023 \u2013 Call for Abstracts - ECTP-CEU","isPartOf":{"@id":"https:\/\/ectp-ceu.eu\/#website"},"primaryImageOfPage":{"@id":"https:\/\/ectp-ceu.eu\/activity\/12th-young-planners-workshop-2023-call-for-abstracts\/#primaryimage"},"image":{"@id":"https:\/\/ectp-ceu.eu\/activity\/12th-young-planners-workshop-2023-call-for-abstracts\/#primaryimage"},"thumbnailUrl":"https:\/\/ectp-ceu.eu\/wp-content\/uploads\/2024\/07\/card2023-ENG-1006.png","datePublished":"2023-07-23T09:57:46+00:00","dateModified":"2024-07-23T10:02:19+00:00","breadcrumb":{"@id":"https:\/\/ectp-ceu.eu\/activity\/12th-young-planners-workshop-2023-call-for-abstracts\/#breadcrumb"},"inLanguage":"de","potentialAction":[{"@type":"ReadAction","target":["https:\/\/ectp-ceu.eu\/activity\/12th-young-planners-workshop-2023-call-for-abstracts\/"]}]},{"@type":"ImageObject","inLanguage":"de","@id":"https:\/\/ectp-ceu.eu\/activity\/12th-young-planners-workshop-2023-call-for-abstracts\/#primaryimage","url":"https:\/\/ectp-ceu.eu\/wp-content\/uploads\/2024\/07\/card2023-ENG-1006.png","contentUrl":"https:\/\/ectp-ceu.eu\/wp-content\/uploads\/2024\/07\/card2023-ENG-1006.png","width":1920,"height":1080},{"@type":"BreadcrumbList","@id":"https:\/\/ectp-ceu.eu\/activity\/12th-young-planners-workshop-2023-call-for-abstracts\/#breadcrumb","itemListElement":[{"@type":"ListItem","position":1,"name":"HOME","item":"https:\/\/ectp-ceu.eu\/"},{"@type":"ListItem","position":2,"name":"12th Young Planners Workshop 2023 \u2013 Call for Abstracts"}]},{"@type":"WebSite","@id":"https:\/\/ectp-ceu.eu\/#website","url":"https:\/\/ectp-ceu.eu\/","name":"ECTP-CEU","description":"European Council of Spatial Planners \u2013 Conseil Europ\u00e9en des Urbanistes","publisher":{"@id":"https:\/\/ectp-ceu.eu\/#organization"},"potentialAction":[{"@type":"SearchAction","target":{"@type":"EntryPoint","urlTemplate":"https:\/\/ectp-ceu.eu\/?s={search_term_string}"},"query-input":{"@type":"PropertyValueSpecification","valueRequired":true,"valueName":"search_term_string"}}],"inLanguage":"de"},{"@type":"Organization","@id":"https:\/\/ectp-ceu.eu\/#organization","name":"ECTP-CEU","url":"https:\/\/ectp-ceu.eu\/","logo":{"@type":"ImageObject","inLanguage":"de","@id":"https:\/\/ectp-ceu.eu\/#\/schema\/logo\/image\/","url":"https:\/\/ectp-ceu.eu\/wp-content\/uploads\/2024\/07\/cropped-1392117979K7cUN6za2Hw29SX4.jpeg","contentUrl":"https:\/\/ectp-ceu.eu\/wp-content\/uploads\/2024\/07\/cropped-1392117979K7cUN6za2Hw29SX4.jpeg","width":928,"height":328,"caption":"ECTP-CEU"},"image":{"@id":"https:\/\/ectp-ceu.eu\/#\/schema\/logo\/image\/"}}]}},"_links":{"self":[{"href":"https:\/\/ectp-ceu.eu\/de\/wp-json\/wp\/v2\/activity\/1851","targetHints":{"allow":["GET"]}}],"collection":[{"href":"https:\/\/ectp-ceu.eu\/de\/wp-json\/wp\/v2\/activity"}],"about":[{"href":"https:\/\/ectp-ceu.eu\/de\/wp-json\/wp\/v2\/types\/activity"}],"version-history":[{"count":1,"href":"https:\/\/ectp-ceu.eu\/de\/wp-json\/wp\/v2\/activity\/1851\/revisions"}],"predecessor-version":[{"id":1853,"href":"https:\/\/ectp-ceu.eu\/de\/wp-json\/wp\/v2\/activity\/1851\/revisions\/1853"}],"wp:featuredmedia":[{"embeddable":true,"href":"https:\/\/ectp-ceu.eu\/de\/wp-json\/wp\/v2\/media\/1852"}],"wp:attachment":[{"href":"https:\/\/ectp-ceu.eu\/de\/wp-json\/wp\/v2\/media?parent=1851"}],"wp:term":[{"taxonomy":"category","embeddable":true,"href":"https:\/\/ectp-ceu.eu\/de\/wp-json\/wp\/v2\/categories?post=1851"},{"taxonomy":"post_tag","embeddable":true,"href":"https:\/\/ectp-ceu.eu\/de\/wp-json\/wp\/v2\/tags?post=1851"},{"taxonomy":"tags-activities","embeddable":true,"href":"https:\/\/ectp-ceu.eu\/de\/wp-json\/wp\/v2\/tags-activities?post=1851"},{"taxonomy":"country-activity","embeddable":true,"href":"https:\/\/ectp-ceu.eu\/de\/wp-json\/wp\/v2\/country-activity?post=1851"},{"taxonomy":"year-activity","embeddable":true,"href":"https:\/\/ectp-ceu.eu\/de\/wp-json\/wp\/v2\/year-activity?post=1851"},{"taxonomy":"activity-category","embeddable":true,"href":"https:\/\/ectp-ceu.eu\/de\/wp-json\/wp\/v2\/activity-category?post=1851"}],"curies":[{"name":"wp","href":"https:\/\/api.w.org\/{rel}","templated":true}]}}