{"id":1857,"date":"2019-07-23T12:05:02","date_gmt":"2019-07-23T10:05:02","guid":{"rendered":"https:\/\/ectp-ceu.eu\/?post_type=activity&#038;p=1857"},"modified":"2024-07-23T12:06:32","modified_gmt":"2024-07-23T10:06:32","slug":"ectp-ceu-2019-young-planner-worshop-the-e-book","status":"publish","type":"activity","link":"https:\/\/ectp-ceu.eu\/de\/activity\/ectp-ceu-2019-young-planner-worshop-the-e-book\/","title":{"rendered":"ECTP-CEU 2019 Young Planner Worshop : das E-Book"},"content":{"rendered":"<div class=\"entry-content clr\">\n<p>Im Einklang mit den Zielen des ECTP-CEU zielt die Initiative des Workshops f\u00fcr junge Planer darauf ab, die Perspektiven und Erfahrungen junger Planer im Rahmen der neuen Paradigmen f\u00fcr europ\u00e4ische St\u00e4dte darzustellen<\/p>\n<p>Das Workshop-Thema \"Planung am Rande\" konzentriert sich auf eine breite Perspektive der Stadtgrenzen und der Grenzen von Gebieten.<\/p>\n<p>Diese Perspektive umfasst die Beziehung der St\u00e4dte zu den physischen Grenzen: das Wasser, insbesondere am Meer und an der K\u00fcste, an Fl\u00fcssen oder Seen (Planung von K\u00fcstensiedlungen, st\u00e4dtischen Flusskorridoren usw., Stadtentwicklung rund um das Wasser), aber auch die Beziehungen zu anderen peripheren Grenzen, nat\u00fcrlichen st\u00e4dtischen Leerr\u00e4umen, \u00dcbergangszonen in der Stadt mit Menschen, die kommen und gehen, und sogar Edge als \u00dcbergang von einer physischen Umgebung zur anderen: gr\u00fcne, periphere l\u00e4ndliche Gebiete.<\/p>\n<p>Grenzst\u00e4dte, Grenzst\u00e4dte oder geteilte St\u00e4dte k\u00f6nnen als St\u00e4dte am Rande betrachtet werden. Grenzst\u00e4dte in der N\u00e4he der Grenze zwischen zwei Bezirken, Staaten oder Regionen haben eine sehr kosmopolitische Bev\u00f6lkerung, da der Reise- und Handelsverkehr h\u00e4ufig durch die Stadt verl\u00e4uft. Sie k\u00f6nnen auch Brennpunkte f\u00fcr internationale Konflikte sein, vor allem, wenn die beiden L\u00e4nder Gebietsstreitigkeiten haben.<\/p>\n<p>Der Workshop bezieht auch die Perspektive von \"Cities on the edge\" mit ein, die in St\u00e4dten denken, die weit vom Zentrum ihres Landes entfernt sind und manchmal n\u00e4her am Ausland liegen und das Potenzial haben, ihre Position \"am Rande\" und ihre Konnektivit\u00e4t innerhalb Europas und der Welt zu entwickeln.<\/p>\n<p>Schlie\u00dflich umfasst die Planung in Randgebieten auch die st\u00e4dtische Politik in Randgebieten unter sozio\u00f6konomischen und kulturellen Gesichtspunkten:<\/p>\n<ul>\n<li>Beziehung zur Peripherie der Gesellschaft, innerhalb der St\u00e4dte und zwischen verschiedenen Arten und Gr\u00f6\u00dfenordnungen von St\u00e4dten,<\/li>\n<li>St\u00e4dte, die eine Sozialstruktur mit \"Transitpolen\", \"Einwanderungshafen\" usw. aufweisen<\/li>\n<li>\u00fcber die unterschiedlichen Auswirkungen und Folgen der Globalisierung in Gro\u00dfst\u00e4dten, Kleinst\u00e4dten und l\u00e4ndlichen Gebieten nachzudenken.<\/li>\n<\/ul>\n<\/div>\n<div class=\"post-tags clr\"><\/div>","protected":false},"featured_media":1858,"template":"","meta":{"_acf_changed":false,"inline_featured_image":false},"categories":[],"tags":[],"tags-activities":[],"country-activity":[],"year-activity":[],"activity-category":[],"class_list":["post-1857","activity","type-activity","status-publish","has-post-thumbnail","hentry"],"acf":[],"yoast_head":"<!-- This site is optimized with the Yoast SEO plugin v27.5 - https:\/\/yoast.com\/product\/yoast-seo-wordpress\/ -->\n<title>ECTP-CEU 2019 Young Planner Worshop : the e-book - ECTP-CEU<\/title>\n<meta name=\"robots\" content=\"index, follow, max-snippet:-1, max-image-preview:large, max-video-preview:-1\" \/>\n<link rel=\"canonical\" href=\"https:\/\/ectp-ceu.eu\/de\/activity\/ectp-ceu-2019-young-planner-worshop-the-e-book\/\" \/>\n<meta property=\"og:locale\" content=\"de_DE\" \/>\n<meta property=\"og:type\" content=\"article\" \/>\n<meta property=\"og:title\" content=\"ECTP-CEU 2019 Young Planner Worshop : the e-book - ECTP-CEU\" \/>\n<meta property=\"og:description\" content=\"In accordance with the ECTP-CEU\u2019s objectives, the initiative of the Young Planners Workshop seeks to set out young planner\u2019s perspectives and experiences in a frame of new European cities paradigms The workshop theme on planning on the edge focuses on a broad perspective of city frontiers and territories frontiers. This perspective includes the relationship of [&hellip;]\" \/>\n<meta property=\"og:url\" content=\"https:\/\/ectp-ceu.eu\/de\/activity\/ectp-ceu-2019-young-planner-worshop-the-e-book\/\" \/>\n<meta property=\"og:site_name\" content=\"ECTP-CEU\" \/>\n<meta property=\"article:modified_time\" content=\"2024-07-23T10:06:32+00:00\" \/>\n<meta property=\"og:image\" content=\"https:\/\/ectp-ceu.eu\/wp-content\/uploads\/2024\/07\/2019e-book-450-300x300-1.jpg\" \/>\n\t<meta property=\"og:image:width\" content=\"300\" \/>\n\t<meta property=\"og:image:height\" content=\"300\" \/>\n\t<meta property=\"og:image:type\" content=\"image\/jpeg\" \/>\n<meta name=\"twitter:card\" content=\"summary_large_image\" \/>\n<meta name=\"twitter:label1\" content=\"Gesch\u00e4tzte Lesezeit\" \/>\n\t<meta name=\"twitter:data1\" content=\"1\u00a0Minute\" \/>\n<script type=\"application\/ld+json\" class=\"yoast-schema-graph\">{\"@context\":\"https:\\\/\\\/schema.org\",\"@graph\":[{\"@type\":\"WebPage\",\"@id\":\"https:\\\/\\\/ectp-ceu.eu\\\/activity\\\/ectp-ceu-2019-young-planner-worshop-the-e-book\\\/\",\"url\":\"https:\\\/\\\/ectp-ceu.eu\\\/activity\\\/ectp-ceu-2019-young-planner-worshop-the-e-book\\\/\",\"name\":\"ECTP-CEU 2019 Young Planner Worshop : the e-book - ECTP-CEU\",\"isPartOf\":{\"@id\":\"https:\\\/\\\/ectp-ceu.eu\\\/#website\"},\"primaryImageOfPage\":{\"@id\":\"https:\\\/\\\/ectp-ceu.eu\\\/activity\\\/ectp-ceu-2019-young-planner-worshop-the-e-book\\\/#primaryimage\"},\"image\":{\"@id\":\"https:\\\/\\\/ectp-ceu.eu\\\/activity\\\/ectp-ceu-2019-young-planner-worshop-the-e-book\\\/#primaryimage\"},\"thumbnailUrl\":\"https:\\\/\\\/ectp-ceu.eu\\\/wp-content\\\/uploads\\\/2024\\\/07\\\/2019e-book-450-300x300-1.jpg\",\"datePublished\":\"2019-07-23T10:05:02+00:00\",\"dateModified\":\"2024-07-23T10:06:32+00:00\",\"breadcrumb\":{\"@id\":\"https:\\\/\\\/ectp-ceu.eu\\\/activity\\\/ectp-ceu-2019-young-planner-worshop-the-e-book\\\/#breadcrumb\"},\"inLanguage\":\"de\",\"potentialAction\":[{\"@type\":\"ReadAction\",\"target\":[\"https:\\\/\\\/ectp-ceu.eu\\\/activity\\\/ectp-ceu-2019-young-planner-worshop-the-e-book\\\/\"]}]},{\"@type\":\"ImageObject\",\"inLanguage\":\"de\",\"@id\":\"https:\\\/\\\/ectp-ceu.eu\\\/activity\\\/ectp-ceu-2019-young-planner-worshop-the-e-book\\\/#primaryimage\",\"url\":\"https:\\\/\\\/ectp-ceu.eu\\\/wp-content\\\/uploads\\\/2024\\\/07\\\/2019e-book-450-300x300-1.jpg\",\"contentUrl\":\"https:\\\/\\\/ectp-ceu.eu\\\/wp-content\\\/uploads\\\/2024\\\/07\\\/2019e-book-450-300x300-1.jpg\",\"width\":300,\"height\":300},{\"@type\":\"BreadcrumbList\",\"@id\":\"https:\\\/\\\/ectp-ceu.eu\\\/activity\\\/ectp-ceu-2019-young-planner-worshop-the-e-book\\\/#breadcrumb\",\"itemListElement\":[{\"@type\":\"ListItem\",\"position\":1,\"name\":\"HOME\",\"item\":\"https:\\\/\\\/ectp-ceu.eu\\\/\"},{\"@type\":\"ListItem\",\"position\":2,\"name\":\"ECTP-CEU 2019 Young Planner Worshop : the e-book\"}]},{\"@type\":\"WebSite\",\"@id\":\"https:\\\/\\\/ectp-ceu.eu\\\/#website\",\"url\":\"https:\\\/\\\/ectp-ceu.eu\\\/\",\"name\":\"ECTP-CEU\",\"description\":\"European Council of Spatial Planners \u2013 Conseil Europ\u00e9en des Urbanistes\",\"publisher\":{\"@id\":\"https:\\\/\\\/ectp-ceu.eu\\\/#organization\"},\"potentialAction\":[{\"@type\":\"SearchAction\",\"target\":{\"@type\":\"EntryPoint\",\"urlTemplate\":\"https:\\\/\\\/ectp-ceu.eu\\\/?s={search_term_string}\"},\"query-input\":{\"@type\":\"PropertyValueSpecification\",\"valueRequired\":true,\"valueName\":\"search_term_string\"}}],\"inLanguage\":\"de\"},{\"@type\":\"Organization\",\"@id\":\"https:\\\/\\\/ectp-ceu.eu\\\/#organization\",\"name\":\"ECTP-CEU\",\"url\":\"https:\\\/\\\/ectp-ceu.eu\\\/\",\"logo\":{\"@type\":\"ImageObject\",\"inLanguage\":\"de\",\"@id\":\"https:\\\/\\\/ectp-ceu.eu\\\/#\\\/schema\\\/logo\\\/image\\\/\",\"url\":\"https:\\\/\\\/ectp-ceu.eu\\\/wp-content\\\/uploads\\\/2024\\\/07\\\/cropped-1392117979K7cUN6za2Hw29SX4.jpeg\",\"contentUrl\":\"https:\\\/\\\/ectp-ceu.eu\\\/wp-content\\\/uploads\\\/2024\\\/07\\\/cropped-1392117979K7cUN6za2Hw29SX4.jpeg\",\"width\":928,\"height\":328,\"caption\":\"ECTP-CEU\"},\"image\":{\"@id\":\"https:\\\/\\\/ectp-ceu.eu\\\/#\\\/schema\\\/logo\\\/image\\\/\"}}]}<\/script>\n<!-- \/ Yoast SEO plugin. -->","yoast_head_json":{"title":"ECTP-CEU 2019 Young Planner Worshop : the e-book - ECTP-CEU","robots":{"index":"index","follow":"follow","max-snippet":"max-snippet:-1","max-image-preview":"max-image-preview:large","max-video-preview":"max-video-preview:-1"},"canonical":"https:\/\/ectp-ceu.eu\/de\/activity\/ectp-ceu-2019-young-planner-worshop-the-e-book\/","og_locale":"de_DE","og_type":"article","og_title":"ECTP-CEU 2019 Young Planner Worshop : the e-book - ECTP-CEU","og_description":"In accordance with the ECTP-CEU\u2019s objectives, the initiative of the Young Planners Workshop seeks to set out young planner\u2019s perspectives and experiences in a frame of new European cities paradigms The workshop theme on planning on the edge focuses on a broad perspective of city frontiers and territories frontiers. This perspective includes the relationship of [&hellip;]","og_url":"https:\/\/ectp-ceu.eu\/de\/activity\/ectp-ceu-2019-young-planner-worshop-the-e-book\/","og_site_name":"ECTP-CEU","article_modified_time":"2024-07-23T10:06:32+00:00","og_image":[{"width":300,"height":300,"url":"https:\/\/ectp-ceu.eu\/wp-content\/uploads\/2024\/07\/2019e-book-450-300x300-1.jpg","type":"image\/jpeg"}],"twitter_card":"summary_large_image","twitter_misc":{"Gesch\u00e4tzte Lesezeit":"1\u00a0Minute"},"schema":{"@context":"https:\/\/schema.org","@graph":[{"@type":"WebPage","@id":"https:\/\/ectp-ceu.eu\/activity\/ectp-ceu-2019-young-planner-worshop-the-e-book\/","url":"https:\/\/ectp-ceu.eu\/activity\/ectp-ceu-2019-young-planner-worshop-the-e-book\/","name":"ECTP-CEU 2019 Young Planner Worshop : the e-book - ECTP-CEU","isPartOf":{"@id":"https:\/\/ectp-ceu.eu\/#website"},"primaryImageOfPage":{"@id":"https:\/\/ectp-ceu.eu\/activity\/ectp-ceu-2019-young-planner-worshop-the-e-book\/#primaryimage"},"image":{"@id":"https:\/\/ectp-ceu.eu\/activity\/ectp-ceu-2019-young-planner-worshop-the-e-book\/#primaryimage"},"thumbnailUrl":"https:\/\/ectp-ceu.eu\/wp-content\/uploads\/2024\/07\/2019e-book-450-300x300-1.jpg","datePublished":"2019-07-23T10:05:02+00:00","dateModified":"2024-07-23T10:06:32+00:00","breadcrumb":{"@id":"https:\/\/ectp-ceu.eu\/activity\/ectp-ceu-2019-young-planner-worshop-the-e-book\/#breadcrumb"},"inLanguage":"de","potentialAction":[{"@type":"ReadAction","target":["https:\/\/ectp-ceu.eu\/activity\/ectp-ceu-2019-young-planner-worshop-the-e-book\/"]}]},{"@type":"ImageObject","inLanguage":"de","@id":"https:\/\/ectp-ceu.eu\/activity\/ectp-ceu-2019-young-planner-worshop-the-e-book\/#primaryimage","url":"https:\/\/ectp-ceu.eu\/wp-content\/uploads\/2024\/07\/2019e-book-450-300x300-1.jpg","contentUrl":"https:\/\/ectp-ceu.eu\/wp-content\/uploads\/2024\/07\/2019e-book-450-300x300-1.jpg","width":300,"height":300},{"@type":"BreadcrumbList","@id":"https:\/\/ectp-ceu.eu\/activity\/ectp-ceu-2019-young-planner-worshop-the-e-book\/#breadcrumb","itemListElement":[{"@type":"ListItem","position":1,"name":"HOME","item":"https:\/\/ectp-ceu.eu\/"},{"@type":"ListItem","position":2,"name":"ECTP-CEU 2019 Young Planner Worshop : the e-book"}]},{"@type":"WebSite","@id":"https:\/\/ectp-ceu.eu\/#website","url":"https:\/\/ectp-ceu.eu\/","name":"ECTP-CEU","description":"European Council of Spatial Planners \u2013 Conseil Europ\u00e9en des Urbanistes","publisher":{"@id":"https:\/\/ectp-ceu.eu\/#organization"},"potentialAction":[{"@type":"SearchAction","target":{"@type":"EntryPoint","urlTemplate":"https:\/\/ectp-ceu.eu\/?s={search_term_string}"},"query-input":{"@type":"PropertyValueSpecification","valueRequired":true,"valueName":"search_term_string"}}],"inLanguage":"de"},{"@type":"Organization","@id":"https:\/\/ectp-ceu.eu\/#organization","name":"ECTP-CEU","url":"https:\/\/ectp-ceu.eu\/","logo":{"@type":"ImageObject","inLanguage":"de","@id":"https:\/\/ectp-ceu.eu\/#\/schema\/logo\/image\/","url":"https:\/\/ectp-ceu.eu\/wp-content\/uploads\/2024\/07\/cropped-1392117979K7cUN6za2Hw29SX4.jpeg","contentUrl":"https:\/\/ectp-ceu.eu\/wp-content\/uploads\/2024\/07\/cropped-1392117979K7cUN6za2Hw29SX4.jpeg","width":928,"height":328,"caption":"ECTP-CEU"},"image":{"@id":"https:\/\/ectp-ceu.eu\/#\/schema\/logo\/image\/"}}]}},"_links":{"self":[{"href":"https:\/\/ectp-ceu.eu\/de\/wp-json\/wp\/v2\/activity\/1857","targetHints":{"allow":["GET"]}}],"collection":[{"href":"https:\/\/ectp-ceu.eu\/de\/wp-json\/wp\/v2\/activity"}],"about":[{"href":"https:\/\/ectp-ceu.eu\/de\/wp-json\/wp\/v2\/types\/activity"}],"version-history":[{"count":1,"href":"https:\/\/ectp-ceu.eu\/de\/wp-json\/wp\/v2\/activity\/1857\/revisions"}],"predecessor-version":[{"id":1859,"href":"https:\/\/ectp-ceu.eu\/de\/wp-json\/wp\/v2\/activity\/1857\/revisions\/1859"}],"wp:featuredmedia":[{"embeddable":true,"href":"https:\/\/ectp-ceu.eu\/de\/wp-json\/wp\/v2\/media\/1858"}],"wp:attachment":[{"href":"https:\/\/ectp-ceu.eu\/de\/wp-json\/wp\/v2\/media?parent=1857"}],"wp:term":[{"taxonomy":"category","embeddable":true,"href":"https:\/\/ectp-ceu.eu\/de\/wp-json\/wp\/v2\/categories?post=1857"},{"taxonomy":"post_tag","embeddable":true,"href":"https:\/\/ectp-ceu.eu\/de\/wp-json\/wp\/v2\/tags?post=1857"},{"taxonomy":"tags-activities","embeddable":true,"href":"https:\/\/ectp-ceu.eu\/de\/wp-json\/wp\/v2\/tags-activities?post=1857"},{"taxonomy":"country-activity","embeddable":true,"href":"https:\/\/ectp-ceu.eu\/de\/wp-json\/wp\/v2\/country-activity?post=1857"},{"taxonomy":"year-activity","embeddable":true,"href":"https:\/\/ectp-ceu.eu\/de\/wp-json\/wp\/v2\/year-activity?post=1857"},{"taxonomy":"activity-category","embeddable":true,"href":"https:\/\/ectp-ceu.eu\/de\/wp-json\/wp\/v2\/activity-category?post=1857"}],"curies":[{"name":"wp","href":"https:\/\/api.w.org\/{rel}","templated":true}]}}