{"id":1680,"date":"2024-07-22T17:51:34","date_gmt":"2024-07-22T15:51:34","guid":{"rendered":"https:\/\/ectp-ceu.eu\/?post_type=activity&#038;p=1680"},"modified":"2024-08-02T13:12:08","modified_gmt":"2024-08-02T11:12:08","slug":"implementation-urban-agenda","status":"publish","type":"activity","link":"https:\/\/ectp-ceu.eu\/fr\/activity\/implementation-urban-agenda\/","title":{"rendered":"Mise en \u0153uvre de l'agenda urbain"},"content":{"rendered":"<p>Intensifier notre r\u00f4le dans le cadre des politiques urbaines de l'Union europ\u00e9enne, notamment en ce qui concerne l'Agenda urbain europ\u00e9en.<\/p>\n<h3><strong>1.- Introduction<\/strong><\/h3>\n<p>L'un des principaux objectifs de notre plan strat\u00e9gique 2018-2022 est de \"renforcer le profil d'organisme professionnel europ\u00e9en d'experts\" (chapitre 6 du document) en am\u00e9liorant \"le profil d'expert dans l'agenda urbain de l'Union europ\u00e9enne\". Pacte d'Amsterdam\".<br \/>\nAlors que l'Agenda urbain de l'UE ach\u00e8ve sa deuxi\u00e8me ann\u00e9e de partenariats positifs, un urbanisme plus mondialis\u00e9 \u00e9merge dans l'UE, ce qui a apport\u00e9 ses propres d\u00e9finitions, d\u00e9fis et opportunit\u00e9s dans une \u00e9gale mesure.<br \/>\nAu cours des derniers mois, de nouveaux contacts avec les repr\u00e9sentants du Comit\u00e9 des r\u00e9gions ont \u00e9t\u00e9 ouverts pour collaborer ; ainsi, l'ECTP a \u00e9t\u00e9 invit\u00e9 \u00e0 la r\u00e9union tenue \u00e0 Cork sur le r\u00f4le des villes secondaires dans le d\u00e9veloppement de l'agenda de l'UE (mai 2018) et \u00e0 participer \u00e0 la r\u00e9union sur l'\u00e9valuation de l'impact urbain pour contribuer \u00e0 ce processus, ax\u00e9 sur le nouvel agenda urbain et l'am\u00e9nagement du territoire et la gouvernance. L'ECTP est \u00e9galement pr\u00e9sent lors des r\u00e9unions sur la coh\u00e9sion territoriale (NTCCP) et des r\u00e9unions des directeurs g\u00e9n\u00e9raux o\u00f9 le suivi de l'agenda urbain est discut\u00e9.<br \/>\nL'Exco propose ce groupe de travail pour am\u00e9liorer la collaboration interne en suivant l'id\u00e9e que l'ECTP peut alimenter les documents europ\u00e9ens avec la perspective des praticiens et des experts en politiques urbaines.<\/p>\n<p>&nbsp;<\/p>\n<h3><strong>2.- Objectifs du GT<\/strong><\/h3>\n<p>L'objectif de cet atelier est d'\u00e9laborer un plan d'action qui rende les pr\u00e9occupations des praticiens europ\u00e9ens de l'urbanisme plus visibles et plus pr\u00e9sentes dans les r\u00e9unions et les documents au sein de l'Union europ\u00e9enne et du Comit\u00e9 des r\u00e9gions.<\/p>\n<p>&nbsp;<\/p>\n<h3><strong>3.- Premi\u00e8res id\u00e9es pour d\u00e9marrer. Le groupe de travail sur l'EUA :<\/strong><\/h3>\n<p>- propose des id\u00e9es et des suggestions pour les processus en cours et les documents pr\u00e9paratoires<br \/>\n- travaille sur la mise en \u0153uvre de l'EUA, dans chaque pays, \u00e0 l'\u00e9chelle europ\u00e9enne, en fournissant une analyse comparative, ...<br \/>\n- veille \u00e0 ce que les associations membres s'engagent \u00e0 participer \u00e0 la diffusion et \u00e0 la participation en envoyant un ou deux rapporteurs pour les ateliers, en fonction de leurs capacit\u00e9s.<\/p>\n<p>&nbsp;<\/p>\n<p><strong>Les membres sont<\/strong><br \/>\n- Joris Scheers (Pr\u00e9sident du groupe de travail)<br \/>\n- G\u00e9za Salamin<br \/>\n- Markus Hedorfer<br \/>\n- Laura L\u00f3pez<br \/>\n- Chantal Guillet<br \/>\n- Anna Nikolaou<br \/>\n- Janet Askew<br \/>\n- Jo\u00e3o Teixeira<br \/>\n- Henk van der Kamp<br \/>\n- Luc-Emile Bouche-Florin<br \/>\n- Vincent Goodstadt<br \/>\n- Miran Gajsek<br \/>\n- Gerhard Vittinghoff<br \/>\n- Ignacio Pem\u00e1n<\/p>","protected":false},"featured_media":703,"template":"","meta":{"_acf_changed":false,"inline_featured_image":false},"categories":[],"tags":[],"tags-activities":[],"country-activity":[],"year-activity":[],"activity-category":[],"class_list":["post-1680","activity","type-activity","status-publish","has-post-thumbnail","hentry"],"acf":[],"yoast_head":"<!-- This site is optimized with the Yoast SEO plugin v27.5 - https:\/\/yoast.com\/product\/yoast-seo-wordpress\/ -->\n<title>Implementation Urban Agenda - ECTP-CEU<\/title>\n<meta name=\"robots\" content=\"index, follow, max-snippet:-1, max-image-preview:large, max-video-preview:-1\" \/>\n<link rel=\"canonical\" href=\"https:\/\/ectp-ceu.eu\/fr\/activity\/implementation-urban-agenda\/\" \/>\n<meta property=\"og:locale\" content=\"fr_FR\" \/>\n<meta property=\"og:type\" content=\"article\" \/>\n<meta property=\"og:title\" content=\"Implementation Urban Agenda - ECTP-CEU\" \/>\n<meta property=\"og:description\" content=\"Intensify our role within the European Union urban policies and especially in relation to the European Urban Agenda. 1.- Introduction One of THE main objectives included in our Strategic Plan 2018-2022 refers to \u201cEnhancing the profile as European professional expert body\u201d (chapter 6 of the document) improving \u201cthe expert profile into Urban Agenda of the [&hellip;]\" \/>\n<meta property=\"og:url\" content=\"https:\/\/ectp-ceu.eu\/fr\/activity\/implementation-urban-agenda\/\" \/>\n<meta property=\"og:site_name\" content=\"ECTP-CEU\" \/>\n<meta property=\"article:modified_time\" content=\"2024-08-02T11:12:08+00:00\" \/>\n<meta name=\"twitter:card\" content=\"summary_large_image\" \/>\n<meta name=\"twitter:label1\" content=\"Dur\u00e9e de lecture estim\u00e9e\" \/>\n\t<meta name=\"twitter:data1\" content=\"2 minutes\" \/>\n<script type=\"application\/ld+json\" class=\"yoast-schema-graph\">{\"@context\":\"https:\\\/\\\/schema.org\",\"@graph\":[{\"@type\":\"WebPage\",\"@id\":\"https:\\\/\\\/ectp-ceu.eu\\\/activity\\\/implementation-urban-agenda\\\/\",\"url\":\"https:\\\/\\\/ectp-ceu.eu\\\/activity\\\/implementation-urban-agenda\\\/\",\"name\":\"Implementation Urban Agenda - ECTP-CEU\",\"isPartOf\":{\"@id\":\"https:\\\/\\\/ectp-ceu.eu\\\/#website\"},\"primaryImageOfPage\":{\"@id\":\"https:\\\/\\\/ectp-ceu.eu\\\/activity\\\/implementation-urban-agenda\\\/#primaryimage\"},\"image\":{\"@id\":\"https:\\\/\\\/ectp-ceu.eu\\\/activity\\\/implementation-urban-agenda\\\/#primaryimage\"},\"thumbnailUrl\":\"https:\\\/\\\/ectp-ceu.eu\\\/wp-content\\\/uploads\\\/2024\\\/07\\\/premium_photo-1712832299675-de3d282b904a-scaled.avif\",\"datePublished\":\"2024-07-22T15:51:34+00:00\",\"dateModified\":\"2024-08-02T11:12:08+00:00\",\"breadcrumb\":{\"@id\":\"https:\\\/\\\/ectp-ceu.eu\\\/activity\\\/implementation-urban-agenda\\\/#breadcrumb\"},\"inLanguage\":\"fr-FR\",\"potentialAction\":[{\"@type\":\"ReadAction\",\"target\":[\"https:\\\/\\\/ectp-ceu.eu\\\/activity\\\/implementation-urban-agenda\\\/\"]}]},{\"@type\":\"ImageObject\",\"inLanguage\":\"fr-FR\",\"@id\":\"https:\\\/\\\/ectp-ceu.eu\\\/activity\\\/implementation-urban-agenda\\\/#primaryimage\",\"url\":\"https:\\\/\\\/ectp-ceu.eu\\\/wp-content\\\/uploads\\\/2024\\\/07\\\/premium_photo-1712832299675-de3d282b904a-scaled.avif\",\"contentUrl\":\"https:\\\/\\\/ectp-ceu.eu\\\/wp-content\\\/uploads\\\/2024\\\/07\\\/premium_photo-1712832299675-de3d282b904a-scaled.avif\",\"width\":2560,\"height\":1440},{\"@type\":\"BreadcrumbList\",\"@id\":\"https:\\\/\\\/ectp-ceu.eu\\\/activity\\\/implementation-urban-agenda\\\/#breadcrumb\",\"itemListElement\":[{\"@type\":\"ListItem\",\"position\":1,\"name\":\"HOME\",\"item\":\"https:\\\/\\\/ectp-ceu.eu\\\/\"},{\"@type\":\"ListItem\",\"position\":2,\"name\":\"Implementation Urban Agenda\"}]},{\"@type\":\"WebSite\",\"@id\":\"https:\\\/\\\/ectp-ceu.eu\\\/#website\",\"url\":\"https:\\\/\\\/ectp-ceu.eu\\\/\",\"name\":\"ECTP-CEU\",\"description\":\"European Council of Spatial Planners \u2013 Conseil Europ\u00e9en des Urbanistes\",\"publisher\":{\"@id\":\"https:\\\/\\\/ectp-ceu.eu\\\/#organization\"},\"potentialAction\":[{\"@type\":\"SearchAction\",\"target\":{\"@type\":\"EntryPoint\",\"urlTemplate\":\"https:\\\/\\\/ectp-ceu.eu\\\/?s={search_term_string}\"},\"query-input\":{\"@type\":\"PropertyValueSpecification\",\"valueRequired\":true,\"valueName\":\"search_term_string\"}}],\"inLanguage\":\"fr-FR\"},{\"@type\":\"Organization\",\"@id\":\"https:\\\/\\\/ectp-ceu.eu\\\/#organization\",\"name\":\"ECTP-CEU\",\"url\":\"https:\\\/\\\/ectp-ceu.eu\\\/\",\"logo\":{\"@type\":\"ImageObject\",\"inLanguage\":\"fr-FR\",\"@id\":\"https:\\\/\\\/ectp-ceu.eu\\\/#\\\/schema\\\/logo\\\/image\\\/\",\"url\":\"https:\\\/\\\/ectp-ceu.eu\\\/wp-content\\\/uploads\\\/2024\\\/07\\\/cropped-1392117979K7cUN6za2Hw29SX4.jpeg\",\"contentUrl\":\"https:\\\/\\\/ectp-ceu.eu\\\/wp-content\\\/uploads\\\/2024\\\/07\\\/cropped-1392117979K7cUN6za2Hw29SX4.jpeg\",\"width\":928,\"height\":328,\"caption\":\"ECTP-CEU\"},\"image\":{\"@id\":\"https:\\\/\\\/ectp-ceu.eu\\\/#\\\/schema\\\/logo\\\/image\\\/\"}}]}<\/script>\n<!-- \/ Yoast SEO plugin. -->","yoast_head_json":{"title":"Implementation Urban Agenda - ECTP-CEU","robots":{"index":"index","follow":"follow","max-snippet":"max-snippet:-1","max-image-preview":"max-image-preview:large","max-video-preview":"max-video-preview:-1"},"canonical":"https:\/\/ectp-ceu.eu\/fr\/activity\/implementation-urban-agenda\/","og_locale":"fr_FR","og_type":"article","og_title":"Implementation Urban Agenda - ECTP-CEU","og_description":"Intensify our role within the European Union urban policies and especially in relation to the European Urban Agenda. 1.- Introduction One of THE main objectives included in our Strategic Plan 2018-2022 refers to \u201cEnhancing the profile as European professional expert body\u201d (chapter 6 of the document) improving \u201cthe expert profile into Urban Agenda of the [&hellip;]","og_url":"https:\/\/ectp-ceu.eu\/fr\/activity\/implementation-urban-agenda\/","og_site_name":"ECTP-CEU","article_modified_time":"2024-08-02T11:12:08+00:00","twitter_card":"summary_large_image","twitter_misc":{"Dur\u00e9e de lecture estim\u00e9e":"2 minutes"},"schema":{"@context":"https:\/\/schema.org","@graph":[{"@type":"WebPage","@id":"https:\/\/ectp-ceu.eu\/activity\/implementation-urban-agenda\/","url":"https:\/\/ectp-ceu.eu\/activity\/implementation-urban-agenda\/","name":"Implementation Urban Agenda - ECTP-CEU","isPartOf":{"@id":"https:\/\/ectp-ceu.eu\/#website"},"primaryImageOfPage":{"@id":"https:\/\/ectp-ceu.eu\/activity\/implementation-urban-agenda\/#primaryimage"},"image":{"@id":"https:\/\/ectp-ceu.eu\/activity\/implementation-urban-agenda\/#primaryimage"},"thumbnailUrl":"https:\/\/ectp-ceu.eu\/wp-content\/uploads\/2024\/07\/premium_photo-1712832299675-de3d282b904a-scaled.avif","datePublished":"2024-07-22T15:51:34+00:00","dateModified":"2024-08-02T11:12:08+00:00","breadcrumb":{"@id":"https:\/\/ectp-ceu.eu\/activity\/implementation-urban-agenda\/#breadcrumb"},"inLanguage":"fr-FR","potentialAction":[{"@type":"ReadAction","target":["https:\/\/ectp-ceu.eu\/activity\/implementation-urban-agenda\/"]}]},{"@type":"ImageObject","inLanguage":"fr-FR","@id":"https:\/\/ectp-ceu.eu\/activity\/implementation-urban-agenda\/#primaryimage","url":"https:\/\/ectp-ceu.eu\/wp-content\/uploads\/2024\/07\/premium_photo-1712832299675-de3d282b904a-scaled.avif","contentUrl":"https:\/\/ectp-ceu.eu\/wp-content\/uploads\/2024\/07\/premium_photo-1712832299675-de3d282b904a-scaled.avif","width":2560,"height":1440},{"@type":"BreadcrumbList","@id":"https:\/\/ectp-ceu.eu\/activity\/implementation-urban-agenda\/#breadcrumb","itemListElement":[{"@type":"ListItem","position":1,"name":"HOME","item":"https:\/\/ectp-ceu.eu\/"},{"@type":"ListItem","position":2,"name":"Implementation Urban Agenda"}]},{"@type":"WebSite","@id":"https:\/\/ectp-ceu.eu\/#website","url":"https:\/\/ectp-ceu.eu\/","name":"ECTP-CEU","description":"European Council of Spatial Planners \u2013 Conseil Europ\u00e9en des Urbanistes","publisher":{"@id":"https:\/\/ectp-ceu.eu\/#organization"},"potentialAction":[{"@type":"SearchAction","target":{"@type":"EntryPoint","urlTemplate":"https:\/\/ectp-ceu.eu\/?s={search_term_string}"},"query-input":{"@type":"PropertyValueSpecification","valueRequired":true,"valueName":"search_term_string"}}],"inLanguage":"fr-FR"},{"@type":"Organization","@id":"https:\/\/ectp-ceu.eu\/#organization","name":"ECTP-CEU","url":"https:\/\/ectp-ceu.eu\/","logo":{"@type":"ImageObject","inLanguage":"fr-FR","@id":"https:\/\/ectp-ceu.eu\/#\/schema\/logo\/image\/","url":"https:\/\/ectp-ceu.eu\/wp-content\/uploads\/2024\/07\/cropped-1392117979K7cUN6za2Hw29SX4.jpeg","contentUrl":"https:\/\/ectp-ceu.eu\/wp-content\/uploads\/2024\/07\/cropped-1392117979K7cUN6za2Hw29SX4.jpeg","width":928,"height":328,"caption":"ECTP-CEU"},"image":{"@id":"https:\/\/ectp-ceu.eu\/#\/schema\/logo\/image\/"}}]}},"_links":{"self":[{"href":"https:\/\/ectp-ceu.eu\/fr\/wp-json\/wp\/v2\/activity\/1680","targetHints":{"allow":["GET"]}}],"collection":[{"href":"https:\/\/ectp-ceu.eu\/fr\/wp-json\/wp\/v2\/activity"}],"about":[{"href":"https:\/\/ectp-ceu.eu\/fr\/wp-json\/wp\/v2\/types\/activity"}],"version-history":[{"count":3,"href":"https:\/\/ectp-ceu.eu\/fr\/wp-json\/wp\/v2\/activity\/1680\/revisions"}],"predecessor-version":[{"id":4623,"href":"https:\/\/ectp-ceu.eu\/fr\/wp-json\/wp\/v2\/activity\/1680\/revisions\/4623"}],"wp:featuredmedia":[{"embeddable":true,"href":"https:\/\/ectp-ceu.eu\/fr\/wp-json\/wp\/v2\/media\/703"}],"wp:attachment":[{"href":"https:\/\/ectp-ceu.eu\/fr\/wp-json\/wp\/v2\/media?parent=1680"}],"wp:term":[{"taxonomy":"category","embeddable":true,"href":"https:\/\/ectp-ceu.eu\/fr\/wp-json\/wp\/v2\/categories?post=1680"},{"taxonomy":"post_tag","embeddable":true,"href":"https:\/\/ectp-ceu.eu\/fr\/wp-json\/wp\/v2\/tags?post=1680"},{"taxonomy":"tags-activities","embeddable":true,"href":"https:\/\/ectp-ceu.eu\/fr\/wp-json\/wp\/v2\/tags-activities?post=1680"},{"taxonomy":"country-activity","embeddable":true,"href":"https:\/\/ectp-ceu.eu\/fr\/wp-json\/wp\/v2\/country-activity?post=1680"},{"taxonomy":"year-activity","embeddable":true,"href":"https:\/\/ectp-ceu.eu\/fr\/wp-json\/wp\/v2\/year-activity?post=1680"},{"taxonomy":"activity-category","embeddable":true,"href":"https:\/\/ectp-ceu.eu\/fr\/wp-json\/wp\/v2\/activity-category?post=1680"}],"curies":[{"name":"wp","href":"https:\/\/api.w.org\/{rel}","templated":true}]}}