{"id":1078,"date":"2020-07-18T17:55:15","date_gmt":"2020-07-18T15:55:15","guid":{"rendered":"https:\/\/ectp-ceu.eu\/?post_type=actor&#038;p=1078"},"modified":"2024-07-26T12:37:41","modified_gmt":"2024-07-26T10:37:41","slug":"espon","status":"publish","type":"actor","link":"https:\/\/ectp-ceu.eu\/fr\/actor\/espon\/","title":{"rendered":"ESPON"},"content":{"rendered":"<h2>R\u00e9seau europ\u00e9en d'observation, d\u00e9veloppement territorial et coh\u00e9sion<\/h2>\n<p>source :\u00a0<span style=\"text-decoration: underline;\"><span style=\"color: #000000;\"><a style=\"color: #000000; text-decoration: underline;\" href=\"http:\/\/www.espon.eu\/\">www.espon.eu<\/a><\/span><\/span><\/p>\n<h2>Programme de coop\u00e9ration ESPON 2020<\/h2>\n<div>\n<p>La version r\u00e9vis\u00e9e du programme de coop\u00e9ration ESPON 2020 a \u00e9t\u00e9 adopt\u00e9e le 26 mai 2016 par la Commission europ\u00e9enneLe programme ESPON 2020 vise \u00e0 promouvoir et \u00e0 favoriser une dimension territoriale europ\u00e9enne dans le d\u00e9veloppement et la coop\u00e9ration en fournissant des \u00e9l\u00e9ments probants, un transfert de connaissances et un apprentissage des politiques aux autorit\u00e9s publiques et aux autres acteurs politiques \u00e0 tous les niveaux.<\/p>\n<h3>La mission<\/h3>\n<p>ESPON 2020 poursuivra la consolidation d'un r\u00e9seau europ\u00e9en d'observatoires territoriaux et d\u00e9veloppera la fourniture et l'utilisation politique de donn\u00e9es territoriales paneurop\u00e9ennes, comparables, syst\u00e9matiques et fiables.<\/p>\n<h3>Principaux objectifs<\/h3>\n<p>L'objectif du programme de coop\u00e9ration ESPON 2020 est de soutenir le renforcement de l'efficacit\u00e9 de la politique de coh\u00e9sion de l'UE et d'autres politiques et programmes sectoriels dans le cadre des fonds europ\u00e9ens d'investissement structurel (ESI), ainsi que des politiques nationales et r\u00e9gionales de d\u00e9veloppement territorial, par la production, la diffusion et la promotion de donn\u00e9es territoriales couvrant l'ensemble du territoire des 28 \u00c9tats membres de l'UE, ainsi que des quatre \u00c9tats partenaires que sont l'Islande, le Liechtenstein, la Norv\u00e8ge et la Suisse.<\/p>\n<h3>Groupes cibles<\/h3>\n<p>Les principaux groupes cibles sont les suivants<\/p>\n<ul>\n<li>Les d\u00e9cideurs politiques europ\u00e9ens, en particulier dans le domaine de la politique de coh\u00e9sion ainsi que d'autres politiques et programmes sectoriels et th\u00e9matiques pertinents, notamment ceux qui n'articulent pas encore pleinement leur approche territoriale.<\/li>\n<li>D\u00e9cideurs et praticiens nationaux responsables de la coh\u00e9sion territoriale, des programmes CTE, des strat\u00e9gies macro-r\u00e9gionales et de la pr\u00e9paration et de la mise en \u0153uvre de la politique de coh\u00e9sion au niveau national, ainsi que d'autres domaines politiques pertinents.<\/li>\n<li>Autorit\u00e9s charg\u00e9es de la mise en \u0153uvre des programmes de financement ESI et de la pr\u00e9paration des rapports p\u00e9riodiques.<\/li>\n<li>D\u00e9cideurs et praticiens r\u00e9gionaux et locaux responsables du d\u00e9veloppement et de la planification territoriale et\/ou impliqu\u00e9s dans la coop\u00e9ration transfrontali\u00e8re, transnationale et macror\u00e9gionale.<\/li>\n<\/ul>\n<p>En tant que groupes cibles secondaires, les acteurs suivants sont importants en tant que r\u00e9cepteurs et utilisateurs de donn\u00e9es territoriales :<\/p>\n<ul>\n<li>Organisations promouvant diff\u00e9rents int\u00e9r\u00eats r\u00e9gionaux\/urbains au niveau de l'UE.<\/li>\n<li>Les universitaires, tant les chercheurs que les \u00e9tudiants, en tant que futurs d\u00e9cideurs.<\/li>\n<li>Le secteur priv\u00e9 et le grand public europ\u00e9en.<\/li>\n<\/ul>\n<p>En tant que fournisseurs de la capacit\u00e9 de recherche et de l'excellence scientifique pour ESPON 2020, les universitaires, les scientifiques et les chercheurs sont importants pour les r\u00e9sultats d'ESPON 2020. Indirectement, les actions et les activit\u00e9s correspondantes d'ESPON 2020 profiteront donc \u00e0 la communaut\u00e9 scientifique europ\u00e9enne dans le domaine de la recherche territoriale.<\/p>\n<h3>Axes prioritaires d'ESPON 2020<\/h3>\n<p>Afin de r\u00e9aliser la strat\u00e9gie, la mission et les objectifs li\u00e9s au programme ESPON 2020, deux axes prioritaires r\u00e9giront la mise en \u0153uvre du programme :<\/p>\n<ul>\n<li>Axe prioritaire 1 : Preuves territoriales, transfert, observation, outils et sensibilisation<\/li>\n<li>Axe prioritaire 2 : Assistance technique (AT)<\/li>\n<\/ul>\n<p>L'organisation de la mise en \u0153uvre du programme selon deux axes prioritaires est \u00e9troitement li\u00e9e \u00e0 la cr\u00e9ation d'un b\u00e9n\u00e9ficiaire unique, le GECT ORATE, pour la mise en \u0153uvre de l'axe prioritaire 1 du programme ORATE 2020 : Capacit\u00e9 institutionnelle et administration publique efficace.<\/p>\n<h3>Objectifs sp\u00e9cifiques<\/h3>\n<p>Les cinq objectifs sp\u00e9cifiques qui guideront la mise en \u0153uvre du programme ESPON 2020 sont les suivants :<\/p>\n<ul>\n<li>Objectif sp\u00e9cifique 1 : Am\u00e9lioration de la production de donn\u00e9es territoriales gr\u00e2ce \u00e0 la recherche appliqu\u00e9e et aux analyses.<\/li>\n<li>Objectif sp\u00e9cifique 2 : Am\u00e9lioration du transfert de connaissances et de l'utilisation de l'assistance analytique aux utilisateurs.<\/li>\n<li>Objectif sp\u00e9cifique 3 : Am\u00e9lioration de l'observation territoriale et des outils d'analyse territoriale.<\/li>\n<li>Objectif sp\u00e9cifique 4 : diffusion et utilisation plus larges des donn\u00e9es territoriales.<\/li>\n<li>Objectif sp\u00e9cifique 5 : des dispositions de mise en \u0153uvre plus l\u00e9g\u00e8res, plus efficaces et plus efficientes et une assistance au programme plus performante.<\/li>\n<\/ul>\n<h3>Budget<\/h3>\n<p>48 678 851,00 \u20ac ; contribution de l'UE : 41 377 019,00 \u20acEn outre, le programme ESPON 2020 b\u00e9n\u00e9ficie d'une aide de 1 850 000,00 \u20ac de la part des quatre \u00c9tats partenaires (Islande, Liechtenstein, Norv\u00e8ge et Suisse).<\/p>\n<h3>Autorit\u00e9 de gestion<\/h3>\n<p>Minist\u00e8re du d\u00e9veloppement durable et des infrastructures<\/p>\n<p>D\u00e9partement de l'am\u00e9nagement et du d\u00e9veloppement du territoire (DATER), Division des affaires europ\u00e9ennes<\/p>\n<p>4, Place de l'Europe<\/p>\n<p>L-2946 Luxembourg<\/p>\n<p>Tel : +352 247-86934<\/p>\n<p>E-mail :\u00a0<span style=\"text-decoration: underline; color: #000000;\"><a style=\"color: #000000; text-decoration: underline;\" href=\"mailto:espon2020@espon.mat.etat.lu\" target=\"_self\" rel=\"noopener\">espon2020@espon.mat.etat.lu<\/a><\/span><\/p>\n<p>Site web :\u00a0<span style=\"text-decoration: underline; color: #000000;\"><a style=\"color: #000000; text-decoration: underline;\" href=\"http:\/\/www.dat.public.lu\/espon2020_cooperation_programme\/index.html\" target=\"_self\" rel=\"noopener\">http:\/\/www.dat.public.lu\/espon2020_cooperation_programme\/index.html<\/a><\/span><\/p>\n<h3>Plus d'informations<\/h3>\n<p>Commission europ\u00e9enne, Communiqu\u00e9 de presse 13 f\u00e9vrier 2015<span style=\"color: #000000;\">\u00a0<span style=\"text-decoration: underline;\"><a style=\"color: #000000; text-decoration: underline;\" href=\"http:\/\/ec.europa.eu\/commission\/2014-2019\/cretu\/announcements\/boost-better-spending-eu-cohesion-policy-investments-commissioner-cretu-adopts-new-programme_en\" target=\"_self\" rel=\"noopener\">\"Un coup de pouce pour mieux d\u00e9penser les investissements de la politique de coh\u00e9sion de l'UE\".<\/a><\/span><\/span><\/p>\n<\/div>","protected":false},"featured_media":3824,"template":"","meta":{"_acf_changed":false,"inline_featured_image":false},"categories":[12],"class_list":["post-1078","actor","type-actor","status-publish","has-post-thumbnail","hentry","category-synergies"],"acf":[],"yoast_head":"<!-- This site is optimized with the Yoast SEO plugin v27.5 - https:\/\/yoast.com\/product\/yoast-seo-wordpress\/ -->\n<title>ESPON - ECTP-CEU<\/title>\n<meta name=\"robots\" content=\"index, follow, max-snippet:-1, max-image-preview:large, max-video-preview:-1\" \/>\n<link rel=\"canonical\" href=\"https:\/\/ectp-ceu.eu\/fr\/actor\/espon\/\" \/>\n<meta property=\"og:locale\" content=\"fr_FR\" \/>\n<meta property=\"og:type\" content=\"article\" \/>\n<meta property=\"og:title\" content=\"ESPON - ECTP-CEU\" \/>\n<meta property=\"og:description\" content=\"European Observation Network, Territorial Development and Cohesion source:\u00a0www.espon.eu ESPON 2020 Cooperation Programme The revised version of the ESPON 2020 Cooperation Programme was adopted on the 26 May 2016 by the European CommissionThe ESPON 2020 Programme aims at promoting and fostering a European territorial dimension in development and cooperation by providing evidence, knowledge transfer and policy [&hellip;]\" \/>\n<meta property=\"og:url\" content=\"https:\/\/ectp-ceu.eu\/fr\/actor\/espon\/\" \/>\n<meta property=\"og:site_name\" content=\"ECTP-CEU\" \/>\n<meta property=\"article:modified_time\" content=\"2024-07-26T10:37:41+00:00\" \/>\n<meta property=\"og:image\" content=\"https:\/\/ectp-ceu.eu\/wp-content\/uploads\/2024\/06\/12.png\" \/>\n\t<meta property=\"og:image:width\" content=\"330\" \/>\n\t<meta property=\"og:image:height\" content=\"170\" \/>\n\t<meta property=\"og:image:type\" content=\"image\/png\" \/>\n<meta name=\"twitter:card\" content=\"summary_large_image\" \/>\n<meta name=\"twitter:label1\" content=\"Dur\u00e9e de lecture estim\u00e9e\" \/>\n\t<meta name=\"twitter:data1\" content=\"3 minutes\" \/>\n<script type=\"application\/ld+json\" class=\"yoast-schema-graph\">{\"@context\":\"https:\\\/\\\/schema.org\",\"@graph\":[{\"@type\":\"WebPage\",\"@id\":\"https:\\\/\\\/ectp-ceu.eu\\\/actor\\\/espon\\\/\",\"url\":\"https:\\\/\\\/ectp-ceu.eu\\\/actor\\\/espon\\\/\",\"name\":\"ESPON - ECTP-CEU\",\"isPartOf\":{\"@id\":\"https:\\\/\\\/ectp-ceu.eu\\\/#website\"},\"primaryImageOfPage\":{\"@id\":\"https:\\\/\\\/ectp-ceu.eu\\\/actor\\\/espon\\\/#primaryimage\"},\"image\":{\"@id\":\"https:\\\/\\\/ectp-ceu.eu\\\/actor\\\/espon\\\/#primaryimage\"},\"thumbnailUrl\":\"https:\\\/\\\/ectp-ceu.eu\\\/wp-content\\\/uploads\\\/2024\\\/06\\\/12.png\",\"datePublished\":\"2020-07-18T15:55:15+00:00\",\"dateModified\":\"2024-07-26T10:37:41+00:00\",\"breadcrumb\":{\"@id\":\"https:\\\/\\\/ectp-ceu.eu\\\/actor\\\/espon\\\/#breadcrumb\"},\"inLanguage\":\"fr-FR\",\"potentialAction\":[{\"@type\":\"ReadAction\",\"target\":[\"https:\\\/\\\/ectp-ceu.eu\\\/actor\\\/espon\\\/\"]}]},{\"@type\":\"ImageObject\",\"inLanguage\":\"fr-FR\",\"@id\":\"https:\\\/\\\/ectp-ceu.eu\\\/actor\\\/espon\\\/#primaryimage\",\"url\":\"https:\\\/\\\/ectp-ceu.eu\\\/wp-content\\\/uploads\\\/2024\\\/06\\\/12.png\",\"contentUrl\":\"https:\\\/\\\/ectp-ceu.eu\\\/wp-content\\\/uploads\\\/2024\\\/06\\\/12.png\",\"width\":330,\"height\":170},{\"@type\":\"BreadcrumbList\",\"@id\":\"https:\\\/\\\/ectp-ceu.eu\\\/actor\\\/espon\\\/#breadcrumb\",\"itemListElement\":[{\"@type\":\"ListItem\",\"position\":1,\"name\":\"HOME\",\"item\":\"https:\\\/\\\/ectp-ceu.eu\\\/\"},{\"@type\":\"ListItem\",\"position\":2,\"name\":\"ESPON\"}]},{\"@type\":\"WebSite\",\"@id\":\"https:\\\/\\\/ectp-ceu.eu\\\/#website\",\"url\":\"https:\\\/\\\/ectp-ceu.eu\\\/\",\"name\":\"ECTP-CEU\",\"description\":\"European Council of Spatial Planners \u2013 Conseil Europ\u00e9en des Urbanistes\",\"publisher\":{\"@id\":\"https:\\\/\\\/ectp-ceu.eu\\\/#organization\"},\"potentialAction\":[{\"@type\":\"SearchAction\",\"target\":{\"@type\":\"EntryPoint\",\"urlTemplate\":\"https:\\\/\\\/ectp-ceu.eu\\\/?s={search_term_string}\"},\"query-input\":{\"@type\":\"PropertyValueSpecification\",\"valueRequired\":true,\"valueName\":\"search_term_string\"}}],\"inLanguage\":\"fr-FR\"},{\"@type\":\"Organization\",\"@id\":\"https:\\\/\\\/ectp-ceu.eu\\\/#organization\",\"name\":\"ECTP-CEU\",\"url\":\"https:\\\/\\\/ectp-ceu.eu\\\/\",\"logo\":{\"@type\":\"ImageObject\",\"inLanguage\":\"fr-FR\",\"@id\":\"https:\\\/\\\/ectp-ceu.eu\\\/#\\\/schema\\\/logo\\\/image\\\/\",\"url\":\"https:\\\/\\\/ectp-ceu.eu\\\/wp-content\\\/uploads\\\/2024\\\/07\\\/cropped-1392117979K7cUN6za2Hw29SX4.jpeg\",\"contentUrl\":\"https:\\\/\\\/ectp-ceu.eu\\\/wp-content\\\/uploads\\\/2024\\\/07\\\/cropped-1392117979K7cUN6za2Hw29SX4.jpeg\",\"width\":928,\"height\":328,\"caption\":\"ECTP-CEU\"},\"image\":{\"@id\":\"https:\\\/\\\/ectp-ceu.eu\\\/#\\\/schema\\\/logo\\\/image\\\/\"}}]}<\/script>\n<!-- \/ Yoast SEO plugin. -->","yoast_head_json":{"title":"ESPON - ECTP-CEU","robots":{"index":"index","follow":"follow","max-snippet":"max-snippet:-1","max-image-preview":"max-image-preview:large","max-video-preview":"max-video-preview:-1"},"canonical":"https:\/\/ectp-ceu.eu\/fr\/actor\/espon\/","og_locale":"fr_FR","og_type":"article","og_title":"ESPON - ECTP-CEU","og_description":"European Observation Network, Territorial Development and Cohesion source:\u00a0www.espon.eu ESPON 2020 Cooperation Programme The revised version of the ESPON 2020 Cooperation Programme was adopted on the 26 May 2016 by the European CommissionThe ESPON 2020 Programme aims at promoting and fostering a European territorial dimension in development and cooperation by providing evidence, knowledge transfer and policy [&hellip;]","og_url":"https:\/\/ectp-ceu.eu\/fr\/actor\/espon\/","og_site_name":"ECTP-CEU","article_modified_time":"2024-07-26T10:37:41+00:00","og_image":[{"width":330,"height":170,"url":"https:\/\/ectp-ceu.eu\/wp-content\/uploads\/2024\/06\/12.png","type":"image\/png"}],"twitter_card":"summary_large_image","twitter_misc":{"Dur\u00e9e de lecture estim\u00e9e":"3 minutes"},"schema":{"@context":"https:\/\/schema.org","@graph":[{"@type":"WebPage","@id":"https:\/\/ectp-ceu.eu\/actor\/espon\/","url":"https:\/\/ectp-ceu.eu\/actor\/espon\/","name":"ESPON - ECTP-CEU","isPartOf":{"@id":"https:\/\/ectp-ceu.eu\/#website"},"primaryImageOfPage":{"@id":"https:\/\/ectp-ceu.eu\/actor\/espon\/#primaryimage"},"image":{"@id":"https:\/\/ectp-ceu.eu\/actor\/espon\/#primaryimage"},"thumbnailUrl":"https:\/\/ectp-ceu.eu\/wp-content\/uploads\/2024\/06\/12.png","datePublished":"2020-07-18T15:55:15+00:00","dateModified":"2024-07-26T10:37:41+00:00","breadcrumb":{"@id":"https:\/\/ectp-ceu.eu\/actor\/espon\/#breadcrumb"},"inLanguage":"fr-FR","potentialAction":[{"@type":"ReadAction","target":["https:\/\/ectp-ceu.eu\/actor\/espon\/"]}]},{"@type":"ImageObject","inLanguage":"fr-FR","@id":"https:\/\/ectp-ceu.eu\/actor\/espon\/#primaryimage","url":"https:\/\/ectp-ceu.eu\/wp-content\/uploads\/2024\/06\/12.png","contentUrl":"https:\/\/ectp-ceu.eu\/wp-content\/uploads\/2024\/06\/12.png","width":330,"height":170},{"@type":"BreadcrumbList","@id":"https:\/\/ectp-ceu.eu\/actor\/espon\/#breadcrumb","itemListElement":[{"@type":"ListItem","position":1,"name":"HOME","item":"https:\/\/ectp-ceu.eu\/"},{"@type":"ListItem","position":2,"name":"ESPON"}]},{"@type":"WebSite","@id":"https:\/\/ectp-ceu.eu\/#website","url":"https:\/\/ectp-ceu.eu\/","name":"ECTP-CEU","description":"European Council of Spatial Planners \u2013 Conseil Europ\u00e9en des Urbanistes","publisher":{"@id":"https:\/\/ectp-ceu.eu\/#organization"},"potentialAction":[{"@type":"SearchAction","target":{"@type":"EntryPoint","urlTemplate":"https:\/\/ectp-ceu.eu\/?s={search_term_string}"},"query-input":{"@type":"PropertyValueSpecification","valueRequired":true,"valueName":"search_term_string"}}],"inLanguage":"fr-FR"},{"@type":"Organization","@id":"https:\/\/ectp-ceu.eu\/#organization","name":"ECTP-CEU","url":"https:\/\/ectp-ceu.eu\/","logo":{"@type":"ImageObject","inLanguage":"fr-FR","@id":"https:\/\/ectp-ceu.eu\/#\/schema\/logo\/image\/","url":"https:\/\/ectp-ceu.eu\/wp-content\/uploads\/2024\/07\/cropped-1392117979K7cUN6za2Hw29SX4.jpeg","contentUrl":"https:\/\/ectp-ceu.eu\/wp-content\/uploads\/2024\/07\/cropped-1392117979K7cUN6za2Hw29SX4.jpeg","width":928,"height":328,"caption":"ECTP-CEU"},"image":{"@id":"https:\/\/ectp-ceu.eu\/#\/schema\/logo\/image\/"}}]}},"_links":{"self":[{"href":"https:\/\/ectp-ceu.eu\/fr\/wp-json\/wp\/v2\/actor\/1078","targetHints":{"allow":["GET"]}}],"collection":[{"href":"https:\/\/ectp-ceu.eu\/fr\/wp-json\/wp\/v2\/actor"}],"about":[{"href":"https:\/\/ectp-ceu.eu\/fr\/wp-json\/wp\/v2\/types\/actor"}],"version-history":[{"count":1,"href":"https:\/\/ectp-ceu.eu\/fr\/wp-json\/wp\/v2\/actor\/1078\/revisions"}],"predecessor-version":[{"id":3842,"href":"https:\/\/ectp-ceu.eu\/fr\/wp-json\/wp\/v2\/actor\/1078\/revisions\/3842"}],"wp:featuredmedia":[{"embeddable":true,"href":"https:\/\/ectp-ceu.eu\/fr\/wp-json\/wp\/v2\/media\/3824"}],"wp:attachment":[{"href":"https:\/\/ectp-ceu.eu\/fr\/wp-json\/wp\/v2\/media?parent=1078"}],"wp:term":[{"taxonomy":"category","embeddable":true,"href":"https:\/\/ectp-ceu.eu\/fr\/wp-json\/wp\/v2\/categories?post=1078"}],"curies":[{"name":"wp","href":"https:\/\/api.w.org\/{rel}","templated":true}]}}